{"id":79,"date":"2011-02-08T15:52:47","date_gmt":"2011-02-08T15:52:47","guid":{"rendered":"http:\/\/petrabusch.wordpress.com\/?page_id=79"},"modified":"2017-10-22T19:06:48","modified_gmt":"2017-10-22T17:06:48","slug":"kalender","status":"publish","type":"page","link":"https:\/\/www.petra-busch.de\/pb\/?page_id=79","title":{"rendered":"Lesungen &#038; Termine"},"content":{"rendered":"<p><strong><span style=\"color: #000000;\">Mittwoch, 11. bis\u00a0Sonntag, 15. Oktober 2017: Frankfurter Buchmesse<\/span><\/strong><\/p>\n<p><span style=\"color: #000000;\">Petra Busch ist am Mittwoch und\u00a0Donnerstag, \u00a011.+12. Oktober auf der Buchmesse.<\/span><\/p>\n<p><span style=\"color: #000000;\">Gastland\/Ehrengast:\u00a0Frankreich<strong><br \/>\n<\/strong>Infos:\u00a0<a style=\"color: #000000;\" href=\"http:\/\/www.buchmesse.de\/de\/fbm\/\" target=\"_blank\">Frankfurter Buchmesse<\/a><\/span><\/p>\n<p><span style=\"color: #000000;\">&#8230;&#8230;&#8230;&#8230;&#8230;&#8230;&#8230;&#8230;&#8230;&#8230;&#8230;&#8230;&#8230;&#8230;&#8230;&#8230;&#8230;&#8230;&#8230;&#8230;&#8230;.<\/span><\/p>\n<p>&nbsp;<\/p>\n<p><span style=\"color: #993300;\">WEGEN KRANKHEIT liest statt Petra\u00a0Busch\u00a0die Autorin\u00a0<strong>Martina Bilke<\/strong>.<\/span><\/p>\n<p><strong>Montag, 27. M\u00e4rz 2017:\u00a0Karlsruhe (Krimitage)<\/strong><\/p>\n<p>Lesung mit musikalischer Begleitung aus dem Thriller &#8222;Das L\u00e4cheln des B\u00f6sen&#8220;. Im Rahmen der &#8222;Nachmittagsmorde&#8220; auf den <a href=\"http:\/\/www.karlsruher-krimitage.de\" target=\"_blank\">neunten Karlsruher Krimitagen<\/a>. Musikalische Gestaltung: <a href=\"http:\/\/www.smschneider.de\" target=\"_blank\">Stephan Marc Schneider<\/a>, Komponist &amp; Interpret.<\/p>\n<p>Ort:\u00a0Lesest\u00fcble, Gerwigstra\u00dfe 33, 76131 Karlsruhe.<br \/>\nEintritt:\u00a07 \u20ac inklusive Kaffee, Tee und Geb\u00e4ck.<br \/>\nBeginn:\u00a016 Uhr.<\/p>\n<p>&#8230;&#8230;&#8230;&#8230;&#8230;&#8230;&#8230;&#8230;&#8230;&#8230;&#8230;&#8230;&#8230;&#8230;&#8230;&#8230;&#8230;&#8230;&#8230;&#8230;&#8230;.<\/p>\n<p><span style=\"color: #800000;\">WEGEN KRANKHEIT ist die Autorin Petra Busch nicht auf der Buchmesse. Alle Termine entfallen.<\/span><\/p>\n<p><strong>Donnerstag, 23. bis Sonntag, 26. M\u00e4rz 2017: Leipziger Buchmesse<\/strong><\/p>\n<p>Infos: <a href=\"http:\/\/www.leipziger-buchmesse.de\" target=\"_blank\">Leipziger Buchmesse<\/a><\/p>\n<p>&#8230;&#8230;&#8230;&#8230;&#8230;&#8230;&#8230;&#8230;&#8230;&#8230;&#8230;&#8230;&#8230;&#8230;&#8230;&#8230;&#8230;&#8230;&#8230;&#8230;&#8230;.<\/p>\n<p><span style=\"color: #800000;\">WEGEN KRANKHEIT liest statt Petra Busch die Autorin <strong>Simone Erhardt.<\/strong><\/span><\/p>\n<p><span style=\"color: #000000;\"><strong>Freitag, 17. M\u00e4rz 2017: Hirschberg an der Bergstra\u00dfe<\/strong><\/span><\/p>\n<p><span style=\"color: #000000;\">Lesung aus dem Thriller &#8222;Das L\u00e4cheln des B\u00f6sen&#8220;. Mit Pause, Essen und Getr\u00e4nken.<\/span><\/p>\n<p><span style=\"color: #000000;\">Ort: Katholische Bibliothek, Fenchelstra\u00dfe 10, 69493 Hirschberg<\/span><br \/>\n<span style=\"color: #000000;\">Eintritt:\u00a0folgt<\/span><br \/>\n<span style=\"color: #000000;\">Beginn: 19\u00a0Uhr.\u00a0<\/span><\/p>\n<p><span style=\"color: #808080;\"><em>&#8230;&#8230;&#8230;&#8230;&#8230;&#8230;&#8230;&#8230;&#8230;&#8230;&#8230;&#8230;&#8230;&#8230;&#8230;&#8230;&#8230;&#8230;&#8230;&#8230;&#8230;.<\/em><\/span><\/p>\n<p><span style=\"color: #808080;\"><strong>Mittwoch, 19. bis\u00a0Sonntag, 23. Oktober 2016: Frankfurter Buchmesse<\/strong><\/span><\/p>\n<p><span style=\"color: #808080;\">Gastland\/Ehrengast:\u00a0Flandern\/Niederlande<strong><br \/>\n<\/strong>Infos:\u00a0<a style=\"color: #808080;\" href=\"http:\/\/www.buchmesse.de\/de\/fbm\/\" target=\"_blank\">Frankfurter Buchmesse<\/a><\/span><\/p>\n<p><span style=\"color: #808080;\">&#8230;&#8230;&#8230;&#8230;&#8230;&#8230;&#8230;&#8230;&#8230;&#8230;&#8230;&#8230;&#8230;&#8230;&#8230;&#8230;&#8230;&#8230;&#8230;&#8230;&#8230;.<\/span><\/p>\n<p><span style=\"color: #808080;\"><strong>Montag, 26. September 2016: <\/strong><b>Karlsruhe (Literaturtage)<\/b><\/span><\/p>\n<p><span style=\"color: #808080;\">Lesung &#8222;Krimih\u00e4ppchen&#8220; gemeinsam mit <a style=\"color: #808080;\" href=\"http:\/\/www.wolfgang-burger.com\" target=\"_blank\">Wolfgang Burger<\/a>, <a style=\"color: #808080;\" href=\"http:\/\/www.hildegunde-artmeier.de\" target=\"_blank\">Hildegunde Artmeier<\/a>, Bernd Leix\u00a0und <a style=\"color: #808080;\" href=\"http:\/\/www.evaklinglerkrimis.de\" target=\"_blank\">Eva Klingler<\/a>\u00a0im Rahmen der<a style=\"color: #808080;\" href=\"http:\/\/www.literaturtage-karlsruhe.de\" target=\"_blank\"> 4. Literaturtage Karlsruhe<\/a>.\u00a0<\/span><\/p>\n<p><span style=\"color: #808080;\">Ort: Lesest\u00fcble, Gerwigstra\u00dfe 33,\u00a076131 Karlsruhe<\/span><br \/>\n<span style=\"color: #808080;\"> Eintritt: 8 \/\u00a010 \u20ac inklusive Getr\u00e4nke<\/span><br \/>\n<span style=\"color: #808080;\"> Beginn:\u00a021 Uhr. Einlass ab 20:30 Uhr<\/span><\/p>\n<p><span style=\"color: #808080;\"><em>&#8230;&#8230;&#8230;&#8230;&#8230;&#8230;&#8230;&#8230;&#8230;&#8230;&#8230;&#8230;&#8230;&#8230;&#8230;&#8230;&#8230;&#8230;&#8230;&#8230;&#8230;.<\/em><\/span><\/p>\n<p><span style=\"color: #808080;\"><strong>Donnerstag, 17. bis Sonntag, 20. M\u00e4rz 2016: Leipziger Buchmesse<\/strong><\/span><\/p>\n<p><span style=\"color: #808080;\"><em>&#8230;&#8230;&#8230;&#8230;&#8230;&#8230;&#8230;&#8230;&#8230;&#8230;&#8230;&#8230;&#8230;&#8230;&#8230;&#8230;&#8230;&#8230;&#8230;&#8230;&#8230;.<\/em><\/span><\/p>\n<p><span style=\"color: #808080;\"><strong>Sonntag, 31. Januar\u00a02015:\u00a0Karlsruhe<\/strong><\/span><\/p>\n<p><span style=\"color: #808080;\"><a style=\"color: #808080;\" href=\"http:\/\/www.petra-busch.de\/pb\/wp-content\/uploads\/2011\/02\/2x2-Ettlingen.jpg\"><img decoding=\"async\" loading=\"lazy\" class=\"alignleft size-medium wp-image-2574\" src=\"http:\/\/www.petra-busch.de\/pb\/wp-content\/uploads\/2011\/02\/2x2-Ettlingen-300x253.jpg\" alt=\"2x2-Ettlingen\" width=\"300\" height=\"253\" srcset=\"https:\/\/www.petra-busch.de\/pb\/wp-content\/uploads\/2011\/02\/2x2-Ettlingen-300x253.jpg 300w, https:\/\/www.petra-busch.de\/pb\/wp-content\/uploads\/2011\/02\/2x2-Ettlingen.jpg 828w\" sizes=\"(max-width: 300px) 100vw, 300px\" \/><\/a>Weil&#8217;s am 11. Dezember so sch\u00f6n war und das Publikum fast zwei Stunden gelauscht und gelacht hat, sind wir schon Ende Januar in derselben Vierer-Konstellation wieder zu sehen und zu h\u00f6ren. Und zwar in der urigen Kellerhalle in der Karlsruher Oststadt.<\/span><\/p>\n<p><span style=\"color: #808080;\">Dort\u00a0lesen und unterhalten sich die Kriminalschriftstellerinnen <a style=\"color: #808080;\" href=\"http:\/\/www.evaklinglerkrimis.de\" target=\"_blank\">Eva Klingler<\/a>\u00a0und Petra Busch.\u00a0Den musikalischen Part realisieren die Gitarristen\u00a0<a style=\"color: #808080;\" href=\"http:\/\/www.volkerschaefer-gitarre.de\" target=\"_blank\">Volker Sch\u00e4fer<\/a>\u00a0und\u00a0<a style=\"color: #808080;\" href=\"http:\/\/www.michaelrueber.com\/\" target=\"_blank\">Michael R\u00fcber<\/a>.<\/span><\/p>\n<p><span style=\"color: #808080;\">Petra Busch und Eva Klingler erz\u00e4hlen im Rahmen der Veranstaltungsreihe &#8222;2 x 2&#8220;, in der pro Abend vier K\u00fcnstler gemeinsam auftreten, \u00fcber sich und das Schreiben, was bei Recherchen in Knast, K\u00fchlf\u00e4chern &amp; Co. so alles passieren kann und warum sie\u00a0kleine Mordsgeschichten genauso lieben wie das Schreiben von mehreren hundert Seiten starken Kriminalromanen und Thrillern.<\/span><\/p>\n<p><span style=\"color: #808080;\">Die Reihe &#8222;2 x 2&#8220; wird organisiert von Eva Klingler und Volker Sch\u00e4fer. Die beiden laden sich dazu stets zwei G\u00e4ste ein und begeistern damit seit Langem das Publikum im Badischen und dar\u00fcber hinaus.<\/span><\/p>\n<p><span style=\"color: #808080;\">Ort: Kellerhalle Karlsruhe, Essenweinstra\u00dfe 40 a, 76131 Karlsruhe (3. Hinterhof)<\/span><br \/>\n<span style=\"color: #808080;\"> Eintritt (Abendkasse): 8\u00a0\u20ac, erm\u00e4\u00dfigt 6\u00a0\u20ac<\/span><br \/>\n<span style=\"color: #808080;\"> Beginn: 17 Uhr<\/span><\/p>\n<p><em>&#8230;&#8230;&#8230;&#8230;&#8230;&#8230;&#8230;&#8230;&#8230;&#8230;&#8230;&#8230;&#8230;&#8230;&#8230;&#8230;&#8230;&#8230;&#8230;&#8230;&#8230;.<\/em><\/p>\n<p><span style=\"color: #808080;\"><strong>Freitag, 11. Dezember 2015: Ettlingen<\/strong><\/span><\/p>\n<p><span style=\"color: #808080;\">Lesung gemeinsam mit der bekannten, scharfz\u00fcngigen und humorvollen Kollegin <a style=\"color: #808080;\" href=\"http:\/\/www.evaklinglerkrimis.de\" target=\"_blank\">Eva Klingler<\/a> aus der Anthologie\u00a0&#8222;T\u00f6rtchen-M\u00f6rdchen \u2013 K\u00f6stliche Kurzkrimis&#8220;, herausgegeben von Petra Busch. Den musikalischen Part realisiern die namhaften Gitarristen <a style=\"color: #808080;\" href=\"http:\/\/www.volkerschaefer-gitarre.de\" target=\"_blank\">Volker Sch\u00e4fer<\/a> und <a style=\"color: #808080;\" href=\"http:\/\/www.michaelrueber.com\/\" target=\"_blank\">Michael R\u00fcber<\/a>.<\/span><\/p>\n<p><span style=\"color: #808080;\">Petra Busch erz\u00e4hlt im Rahmen der Veranstaltungsreihe &#8222;2 x 2&#8220;, in der pro Abend vier K\u00fcnstler gemeinsam auftreten, \u00fcber sich und das Schreiben, was bei Recherchen und w\u00e4hrend des Testbackens\u00a0so alles passieren kann und warum sie\u00a0kleine Mordsgeschichten genauso liebt wie das Schreiben von mehreren hundert Seiten starken Kriminalromanen und Thrillern.<\/span><\/p>\n<p><span style=\"color: #808080;\">Die Reihe &#8222;2 x 2&#8220; wird organisiert von Eva Klingler und Volker Sch\u00e4fer. Die beiden laden sich dazu stets zwei G\u00e4ste ein und begeistern damit seit Langem das Publikum im Badischen und dar\u00fcber hinaus.<\/span><\/p>\n<p><span style=\"color: #808080;\">Ort: Aula des Heisenberg-Gymnasiums, Am Lindscharren 8-10, 76275 Ettlingen<\/span><br \/>\n<span style=\"color: #808080;\"> Eintritt (Abendkasse): 10 \u20ac, erm\u00e4\u00dfigt 7 \u20ac<\/span><br \/>\n<span style=\"color: #808080;\"> Beginn: 20 Uhr. Einlass: 19 Uhr 30<\/span><\/p>\n<p><em>&#8230;&#8230;&#8230;&#8230;&#8230;&#8230;&#8230;&#8230;&#8230;&#8230;&#8230;&#8230;&#8230;&#8230;&#8230;&#8230;&#8230;&#8230;&#8230;&#8230;&#8230;.<\/em><\/p>\n<p><span style=\"color: #808080;\"><strong>Samstag, 31. Oktober 2015: Bad D\u00fcrrheim, Tote-Meersalz-Grotte<\/strong><\/span><\/p>\n<p><span style=\"color: #808080;\">Drei\u00a0Lesung aus der Anthologie\u00a0&#8222;T\u00f6rtchen-M\u00f6rdchen \u2013 K\u00f6stliche Kurzkrimis&#8220;, herausgegeben und mit einer skurrilen Story von Petra Busch.<\/span><\/p>\n<p><span style=\"color: #808080;\">Die Zuh\u00f6rer-\/innen d\u00fcrfen sich&#8217;s auf Liegen in der Tote-Meersalz-Grott bequem machen und lauschen. Zu jeder der Lesungen \u00e0 rund 45 Minuten\u00a0erz\u00e4hlt\u00a0die Autorin \u00fcber sich und das Schreiben, was bei Recherchen und w\u00e4hrend des Testbackens\u00a0so alles passieren kann und warum sie\u00a0kleine Mordsgeschichten genauso liebt wie das Schreiben von 450-seitigen Kriminalromanen und Thrillern. Im Anschluss serviert der Gastgeber dem Publikum das Geb\u00e4ck der jeweils\u00a0vorgelesenen\u00a0Geschichte. Giftfrei nat\u00fcrlich ;)<\/span><\/p>\n<p><span style=\"color: #808080;\">Ort:\u00a0<a style=\"color: #808080;\" href=\"http:\/\/www.solemar.de\/wohlfuehl-bereiche\/solemar-therme.html\" target=\"_blank\">Wellness- und Gesundheitszentrum Solemar<\/a>,\u00a0Tote-Meersalz-Grotte,\u00a0Huberstra\u00dfe 8,\u00a078073 Bad D\u00fcrrheim<\/span><\/p>\n<p><span style=\"color: #808080;\">Beginn Lesung 1:\u00a018 Uhr<\/span><br \/>\n<span style=\"color: #808080;\"> Beginn Lesung 2:\u00a019 Uhr<\/span><br \/>\n<span style=\"color: #808080;\"> Beginn Lesung 2:\u00a020 Uhr<\/span><\/p>\n<p><span style=\"color: #808080;\">&#8230;&#8230;&#8230;&#8230;&#8230;&#8230;&#8230;&#8230;&#8230;&#8230;&#8230;&#8230;&#8230;&#8230;&#8230;&#8230;&#8230;&#8230;&#8230;&#8230;&#8230;.<\/span><\/p>\n<p><span style=\"color: #808080;\"><strong>Mittwoch, 14. bis\u00a0Sonntag, 18. Oktober 2015: Frankfurter Buchmesse<\/strong><\/span><\/p>\n<p><span style=\"color: #808080;\">Gastland\/Ehrengast:\u00a0Indonesien<strong><br \/>\n<\/strong>Infos:\u00a0<a style=\"color: #808080;\" href=\"http:\/\/www.buchmesse.de\/de\/fbm\/\" target=\"_blank\">Frankfurter Buchmesse<\/a><\/span><\/p>\n<p><span style=\"color: #808080;\"><em><span style=\"color: #808080;\">&#8230;&#8230;&#8230;&#8230;&#8230;&#8230;&#8230;&#8230;&#8230;&#8230;&#8230;&#8230;&#8230;&#8230;&#8230;&#8230;&#8230;&#8230;&#8230;<\/span>&#8230;&#8230;.<\/em><\/span><\/p>\n<p><span style=\"color: #808080;\"><strong>Dienstag,\u00a029. September 2015:\u00a0Karlsruhe (Literaturtage)\u00a0<\/strong><\/span><\/p>\n<p><span style=\"color: #808080;\"><a style=\"color: #808080;\" href=\"http:\/\/www.petra-busch.de\/pb\/wp-content\/uploads\/2011\/02\/Logo-KArlsruher-Literaturtage1.png\"><img decoding=\"async\" loading=\"lazy\" class=\"alignleft wp-image-2488 \" src=\"http:\/\/www.petra-busch.de\/pb\/wp-content\/uploads\/2011\/02\/Logo-KArlsruher-Literaturtage1-300x112.png\" alt=\"Logo Karlsruher-Literaturtage\" width=\"230\" height=\"86\" \/><\/a><\/span><\/p>\n<p><span style=\"color: #808080;\">Lesung aus dem Thriller &#8222;Das L\u00e4cheln des B\u00f6sen&#8220; im Rahmen der <a style=\"color: #808080;\" href=\"http:\/\/www.literaturtage-karlsruhe.de\" target=\"_blank\">Literaturtage Karlsruhe 2015<\/a>.<\/span><br \/>\n<span style=\"color: #808080;\"> Zwischen den Lesepassagen plaudert die Autorin &#8222;aus dem K\u00fchlfach&#8220;: Sie erz\u00e4hlt \u00fcber sich und das Schreiben, was bei Recherchen w\u00e4hrend Obduktionen so alles passieren kann und warum sie Leichen lieber zun\u00e4ht als aufschneidet.<\/span><\/p>\n<p><span style=\"color: #808080;\">Ort:\u00a0Stadtbibliothek im Alten St\u00e4ndehaus, Lesecaf\u00e9, St\u00e4ndehausstr. 2, 76133 Karlsruhe<\/span><br \/>\n<span style=\"color: #808080;\"> Eintritt:\u00a0frei<\/span><br \/>\n<span style=\"color: #808080;\"> Beginn:\u00a020 Uhr<\/span><br \/>\n<span style=\"color: #808080;\"> Veranstalter:\u00a0<a style=\"color: #808080;\" href=\"http:\/\/www.karlsruhe.de\/b1\/kultur\/kulturfoerderung\/kulturamt\/kulturamt2.de\" target=\"_blank\">Kulturamt der\u00a0Stadt\u00a0Karlsruhe<\/a><\/span><\/p>\n<p><span style=\"color: #808080;\"><em>&#8230;&#8230;&#8230;&#8230;&#8230;&#8230;&#8230;&#8230;&#8230;&#8230;&#8230;&#8230;&#8230;&#8230;&#8230;&#8230;&#8230;&#8230;&#8230;&#8230;&#8230;.<\/em><\/span><\/p>\n<p><span style=\"color: #808080;\"><strong>Samstag, 12. September 2015: Schalkenmehren\u00a0(Vulkaneifel)\u00a0<\/strong><\/span><\/p>\n<p><span style=\"color: #808080;\">BUCHPREMIERE!<\/span><br \/>\n<span style=\"color: #808080;\"> Pr\u00e4sentation\u00a0der neuen Anthologie &#8222;T\u00f6rtchen-M\u00f6rdchen \u2013 K\u00f6stliche Kurzkrimis&#8220;, herausgegeben von Petra Busch. Es lesen <a style=\"color: #808080;\" href=\"http:\/\/angelaesser.de\" target=\"_blank\">Angela E\u00dfer<\/a> und Petra Busch.<\/span><\/p>\n<p><span style=\"color: #808080;\"><img decoding=\"async\" loading=\"lazy\" class=\"alignleft wp-image-2473 size-full\" src=\"http:\/\/www.petra-busch.de\/pb\/wp-content\/uploads\/2011\/02\/logo-Tatort-Eifel.jpg\" alt=\"Krimifestival Tatort Eifel\" width=\"181\" height=\"79\" \/><\/span><\/p>\n<p><span style=\"color: #808080;\">Die Lesung findet im Rahmen des renommierten Krimifestivals\u00a0<a style=\"color: #808080;\" href=\"http:\/\/www.tatort-eifel.de\" target=\"_blank\">Tatort Eifel<\/a>\u00a0statt, das Teil des\u00a0<a style=\"color: #808080;\" href=\"http:\/\/www.kultursommer.de\" target=\"_blank\">Kutursommers Rheinland-Pfalz<\/a>\u00a0ist und Treffpunkt der Film-, Medien- und Autorenbranche.<\/span><\/p>\n<p><span style=\"color: #808080;\">Ort: Caf\u00e9 Maarblick, Maarstra\u00dfe 16, 54552 Schalkenmehren<\/span><br \/>\n<span style=\"color: #808080;\"> Beginn: 15 Uhr 30<\/span><br \/>\n<span style=\"color: #808080;\"> Veranstalter:\u00a0<a style=\"color: #808080;\" href=\"http:\/\/www.vulkaneifel.de\" target=\"_blank\">Landkreis Vulkaneifel<\/a> und <a style=\"color: #808080;\" href=\"http:\/\/kulturland.rlp.de\/startseite\/\" target=\"_blank\">Land Rheinland-Pfalz<\/a>.<\/span><\/p>\n<p><span style=\"color: #808080;\"><em>&#8230;&#8230;&#8230;&#8230;&#8230;&#8230;&#8230;&#8230;&#8230;&#8230;&#8230;&#8230;&#8230;&#8230;&#8230;&#8230;&#8230;&#8230;&#8230;&#8230;&#8230;.<\/em><\/span><\/p>\n<p><span style=\"color: #808080;\"><strong>Freitag, 8.\u00a0Mai 2015:\u00a0Donauw\u00f6rth-Tapfheim<\/strong><\/span><\/p>\n<p><span style=\"color: #808080;\"><a style=\"color: #808080;\" href=\"http:\/\/www.petra-busch.de\/pb\/wp-content\/uploads\/2011\/02\/Logo-Tapfheim1.gif\"><img decoding=\"async\" loading=\"lazy\" class=\"alignleft  wp-image-2492\" src=\"http:\/\/www.petra-busch.de\/pb\/wp-content\/uploads\/2011\/02\/Logo-Tapfheim1-300x98.gif\" alt=\"Logo-Tapfheim\" width=\"254\" height=\"83\" \/><\/a>Lesung aus dem Thriller &#8222;Das L\u00e4cheln des B\u00f6sen&#8220;.<\/span><br \/>\n<span style=\"color: #808080;\"> Zwischen den Lesepassagen plaudert die Autorin &#8222;aus dem K\u00fchlfach&#8220;: Sie erz\u00e4hlt \u00fcber sich und das Schreiben, was bei Recherchen w\u00e4hrend Obduktionen so alles passieren kann und warum sie Leichen lieber zun\u00e4ht als aufschneidet.<\/span><\/p>\n<p><span style=\"color: #808080;\">Ort: Gemeindeb\u00fccherei Tapfheim, Schulstra\u00dfe 8, 86660 Tapfheim<\/span><br \/>\n<span style=\"color: #808080;\"> Eintritt: 8 Euro<\/span><br \/>\n<span style=\"color: #808080;\"> Beginn:\u00a019 Uhr 30<\/span><\/p>\n<p><span style=\"color: #808080;\"><em>&#8230;&#8230;&#8230;&#8230;&#8230;&#8230;&#8230;&#8230;&#8230;&#8230;&#8230;&#8230;&#8230;&#8230;&#8230;&#8230;&#8230;&#8230;&#8230;&#8230;&#8230;.<\/em><\/span><\/p>\n<p><span style=\"color: #808080;\"><strong>Mittwoch, 29. April bis\u00a0Sonntag 3. Mai 2015: Criminale in B\u00fcsum<\/strong><\/span><\/p>\n<p><span style=\"color: #808080;\"><a style=\"color: #808080;\" href=\"http:\/\/www.petra-busch.de\/pb\/wp-content\/uploads\/2011\/02\/criminale_header-2015.png\"><img decoding=\"async\" loading=\"lazy\" class=\"alignleft  wp-image-2495\" src=\"http:\/\/www.petra-busch.de\/pb\/wp-content\/uploads\/2011\/02\/criminale_header-2015-300x67.png\" alt=\"criminale_header-2015\" width=\"282\" height=\"63\" srcset=\"https:\/\/www.petra-busch.de\/pb\/wp-content\/uploads\/2011\/02\/criminale_header-2015-300x67.png 300w, https:\/\/www.petra-busch.de\/pb\/wp-content\/uploads\/2011\/02\/criminale_header-2015.png 909w\" sizes=\"(max-width: 282px) 100vw, 282px\" \/><\/a>Hochkar\u00e4tige\u00a0Lesungen, Veranstaltungen\u00a0und Workshops und Gala-Abend mit Verleihung der renommierten Friedrich-Glauser-Preise: Auf der <a style=\"color: #808080;\" href=\"http:\/\/www.die-criminale.de\" target=\"_blank\">Criminale<\/a> treffen sich j\u00e4hrlich rund 400 Krimiautoren. Das gr\u00f6\u00dfte europ\u00e4ische Krimifestival findet an wechselnden Orten statt und z\u00e4hlt zu den Highlights f\u00fcr Krimi- und Thrillerfreunde.<\/span><br \/>\n<span style=\"color: #808080;\"> <a style=\"color: #808080;\" href=\"http:\/\/www.die-criminale.de\/criminale\/das-programm-2\" target=\"_blank\">Ausf\u00fchrliches\u00a0Programm 2015<\/a>.<\/span><\/p>\n<p><span style=\"color: #808080;\"><em>&#8230;&#8230;&#8230;&#8230;&#8230;&#8230;&#8230;&#8230;&#8230;&#8230;&#8230;&#8230;&#8230;&#8230;&#8230;&#8230;&#8230;&#8230;&#8230;&#8230;&#8230;.<\/em><\/span><\/p>\n<p><span style=\"color: #808080;\"><strong>BUCHPREMIERE<\/strong><\/span><\/p>\n<p><span style=\"color: #808080;\">Achtung: Der Veranstaltungsort wurde vom Klinikum ins Haus Solms, Bismarckstra\u00dfe 24, 76133 Karlsruhe, verlegt.<\/span><\/p>\n<p><span style=\"color: #808080;\"><strong>Donnerstag, 19. M\u00e4rz 2015: Karlsruhe (8. Karlsruher\u00a0Krimitage)<\/strong><\/span><\/p>\n<p><span style=\"color: #808080;\">Buchpremiere\u00a0mit Moderation,\u00a0Gespr\u00e4ch,\u00a0<span class=\"fsl\"> einem Glas Wein und kleinen \u2013 giftfreien \u2013 Leckereien<\/span>:<\/span><\/p>\n<p><span style=\"color: #808080;\"><a style=\"color: #808080;\" href=\"http:\/\/www.petra-busch.de\/pb\/wp-content\/uploads\/2011\/02\/KA-Krimitage.gif\"><img decoding=\"async\" loading=\"lazy\" class=\"alignleft  wp-image-2499\" src=\"http:\/\/www.petra-busch.de\/pb\/wp-content\/uploads\/2011\/02\/KA-Krimitage-300x74.gif\" alt=\"KA-Krimitage\" width=\"280\" height=\"69\" \/><\/a>Lesung aus dem neuen Thriller &#8222;Das L\u00e4cheln des B\u00f6sen&#8220;. <span class=\"fsl\">Zwischen den Lesepassagen unterh\u00e4lt sich die Autorin mit dem bekannten leitenden SWR-Redakteur Wolfgang Niess und plaudert \u201caus dem K\u00fchlfach\u201d: Da geht&#8217;s \u00fcber das Autorenleben und das Schreiben, was bei Recherchen w\u00e4hrend Obduktionen so alles passieren kann und warum die Autorin Leichen lieber zun\u00e4ht als aufschneidet.<\/span><\/span><\/p>\n<p><span style=\"color: #808080;\">Moderator\u00a0 <a style=\"color: #808080;\" href=\"http:\/\/www.swr.de\/unternehmen\/autor-im-gespraech\/-\/id=3586\/nid=3586\/did=7544170\/m3p8w1\/index.html\" target=\"_blank\">Wolfgang Niess<\/a> l\u00e4dt seit 1994 Schriftsteller aller Sparten ein und spricht mit ihnen \u00fcber ihre B\u00fccher, ihre Motive und Arbeitsweisen. Auch die Biografie des jeweiligen Gastes ist Thema in der Veranstaltungsreihe des SWR. Fragen des Publikums werden beantwortet und Signierungsw\u00fcnsche am &#8222;B\u00fcchertisch&#8220; erf\u00fcllt.<\/span><br \/>\n<span style=\"color: #808080;\"> Die Liste der G\u00e4ste liest sich wie das Who Is Who der deutschsprachigen Literatur: Hochkar\u00e4tige Schriftsteller wie<span class=\"text_exposed_show\"> G\u00fcnter Grass, Martin Walser und Christa Wolf waren schon da, ebenso namhaft Sachbuchautoren wie Inge Jens, Eduard Reuter und Richard von Weizs\u00e4cker.<\/span><\/span><\/p>\n<p><span style=\"color: #808080;\"><span class=\"fsl\">Eintritt, Wein &amp; Leckereien: frei (keine Vorbestellung \u2013 einfach kommen ;) )<br \/>\n<\/span>Ort: Haus Solms, Bismarckstra\u00dfe 24, 76133 Karlsruhe<\/span><br \/>\n<span style=\"color: #808080;\"> Beginn: 18 Uhr<\/span><br \/>\n<span style=\"color: #808080;\"> Veranstalter:\u00a0<a style=\"color: #808080;\" href=\"http:\/\/www.karlsruhe.de\/b1\/kultur\/kulturfoerderung\/kulturbuero\" target=\"_blank\">Kulturb\u00fcro\u00a0der\u00a0Stadt\u00a0Karlsruhe<\/a>,\u00a0<a style=\"color: #808080;\" href=\"mailto:krimitage@kultur.karlsruhe.de\" target=\"_blank\">krimitage@kultur.karlsruhe.de<\/a><\/span><\/p>\n<p><span style=\"color: #808080;\"><em>&#8230;&#8230;&#8230;&#8230;&#8230;&#8230;&#8230;&#8230;&#8230;&#8230;&#8230;&#8230;&#8230;&#8230;&#8230;&#8230;&#8230;&#8230;&#8230;&#8230;&#8230;.<\/em><\/span><\/p>\n<p><span style=\"color: #808080;\"><strong>Freitag, 13. bis\u00a0Samstag 21. M\u00e4rz 2015: <a style=\"color: #808080;\" href=\"http:\/\/web1.karlsruhe.de\/Kultur\/krimi\/\" target=\"_blank\">8. Karlsruher\u00a0Krimitage<\/a><\/strong><\/span><\/p>\n<p><span style=\"color: #808080;\"><em>&#8230;&#8230;&#8230;&#8230;&#8230;&#8230;&#8230;&#8230;&#8230;&#8230;&#8230;&#8230;&#8230;&#8230;&#8230;&#8230;&#8230;&#8230;&#8230;&#8230;&#8230;.<\/em><\/span><\/p>\n<p><span style=\"color: #808080;\"><strong>Donnerstag, 12. bis Sonntag, 15. M\u00e4rz 2015: Leipziger Buchmesse<\/strong><\/span><\/p>\n<p><span style=\"color: #808080;\"><em>&#8230;&#8230;&#8230;&#8230;&#8230;&#8230;&#8230;&#8230;&#8230;&#8230;&#8230;&#8230;&#8230;&#8230;&#8230;&#8230;&#8230;&#8230;&#8230;&#8230;&#8230;.<\/em><a style=\"color: #808080;\" href=\"http:\/\/www.leipzig-liest.de\/\" target=\"_blank\"><br \/>\n<\/a><\/span><\/p>\n<p><span style=\"color: #808080;\"><strong>Donnerstag, 16.\u00a0Oktober 2014:\u00a0Donauw\u00f6rth-Tapfheim<\/strong><\/span><\/p>\n<p><span style=\"color: #808080;\">Lesung aus &#8222;Zeig mir den Tod&#8220;. Zwischen den Lesepassagen erz\u00e4hlt die Autorin Spannendes \u00fcber sich und das Schreiben.<\/span><\/p>\n<p><span style=\"color: #808080;\">Ort: Gemeindeb\u00fccherei Tapfheim, Schulst. 8, 86660 Tapfheim<\/span><br \/>\n<span style=\"color: #808080;\"> Eintritt: 8 Euro<\/span><br \/>\n<span style=\"color: #808080;\"> Beginn: 19:30 Uhr<\/span><\/p>\n<p><span style=\"color: #808080;\"><em>&#8230;&#8230;&#8230;&#8230;&#8230;&#8230;&#8230;&#8230;&#8230;&#8230;&#8230;&#8230;&#8230;&#8230;&#8230;&#8230;&#8230;&#8230;&#8230;&#8230;&#8230;.<\/em><\/span><\/p>\n<p><span style=\"color: #808080;\"><strong>Donnerstag, 8. bis\u00a0Sonntag, 12. Oktober 2014: Frankfurter Buchmesse<\/strong><\/span><\/p>\n<p><span style=\"color: #808080;\">Gastland: Brasilien<strong><br \/>\n<\/strong>Infos:\u00a0<a style=\"color: #808080;\" href=\"http:\/\/www.buchmesse.de\/de\/fbm\/\" target=\"_blank\">Frankfurter Buchmesse<\/a><\/span><\/p>\n<p><span style=\"color: #808080;\"><em>&#8230;&#8230;&#8230;&#8230;&#8230;&#8230;&#8230;&#8230;&#8230;&#8230;&#8230;&#8230;&#8230;&#8230;&#8230;&#8230;&#8230;&#8230;&#8230;&#8230;&#8230;.<\/em><\/span><\/p>\n<p><span style=\"color: #808080;\"><strong>Freitag, 6.\u00a0Juni 2014: Mei\u00dfen (Kriminacht beim Open-Air-Lesefest)<\/strong><\/span><\/p>\n<p><span style=\"color: #808080;\">Vom 5.\u20139. Juni 2014 verwandeln sich Mei\u00dfens Gassen, Innenh\u00f6fe und Br\u00fcckenb\u00f6gen wieder zu Schaupl\u00e4tzen spannender Geschichten: Auf Deutschlands\u00a0<a style=\"color: #808080;\" href=\"http:\/\/literaturfest-meissen.de\" target=\"_blank\">gr\u00f6\u00dftem Open-Air-Lesefest<\/a>\u00a0gibt&#8217;s f\u00fcnf Tage lang Mittelalterliches, M\u00e4rchenhaftes,\u00a0M\u00f6rderisches und Phantastisches. Am Freitag, den 6. Juni, erleben Besucher die &#8222;Krimib\u00fchne&#8220;, auf der zu jeder vollen Stunde ein anderer Autor liest.<\/span><\/p>\n<p><span style=\"color: #808080;\">Ort: Kreuzgang des Stadtmuseums (Altstadt), 01662 Mei\u00dfen<\/span><br \/>\n<span style=\"color: #808080;\"> Beginn\/Ablauf: Es lesen Petra Busch (20 Uhr), <a style=\"color: #808080;\" href=\"http:\/\/www.daniel-holbe.de\" target=\"_blank\">Daniel Holbe<\/a> (21 Uhr) und <a style=\"color: #808080;\" href=\"http:\/\/www.frank-goldammer.de\" target=\"_blank\">Frank Goldammer<\/a> (22 Uhr). Warme Jacken nicht vergessen ;-)<\/span><br \/>\n<span style=\"color: #808080;\"> Eintritt: frei<\/span><\/p>\n<p><span style=\"color: #808080;\"><em>&#8230;&#8230;&#8230;&#8230;&#8230;&#8230;&#8230;&#8230;&#8230;&#8230;&#8230;&#8230;&#8230;&#8230;&#8230;&#8230;&#8230;&#8230;&#8230;&#8230;&#8230;<\/em><\/span><\/p>\n<p><span style=\"color: #808080;\"><strong>Samstag, 24. Mai 2014: N\u00fcrnberg \u2013 <strong>Ladies Crime Teatime<\/strong><\/strong><\/span><\/p>\n<p><span style=\"color: #808080;\">Lesung im Rahmen des gr\u00f6\u00dften europ\u00e4ischen Krimifestivals (<a style=\"color: #808080;\" href=\"http:\/\/www.die-criminale.de\" target=\"_blank\">Criminale<\/a>) \u2013 gemeinsam mit den Kolleginnen Petra Mattfeld und Nessa Altura.<a style=\"color: #808080;\" href=\"http:\/\/www.die-criminale.de\/?page_id=2696\" target=\"_blank\"><br \/>\n<\/a><\/span><\/p>\n<p><span style=\"color: #808080;\">Ort: <a style=\"color: #808080;\" href=\"http:\/\/www.casablanca-nuernberg.de\" target=\"_blank\">Filmkunsttheater Casablanca<\/a>, Brosamerstra\u00dfe 12, 90459 N\u00fcrnberg<\/span><br \/>\n<span style=\"color: #808080;\"> Beginn: 15:30 Uhr<\/span><br \/>\n<span style=\"color: #808080;\"> Abendkasse: 7 Euro<\/span><br \/>\n<span style=\"color: #808080;\"> <span style=\"font-size: 13px; line-height: 19px;\">Veranstalter:\u00a0<\/span><a style=\"font-size: 13px; line-height: 19px; color: #808080;\" href=\"http:\/\/www.das-syndikat.com\" target=\"_blank\">Das Syndikat<\/a>\u00a0und <a style=\"color: #808080;\" href=\"http:\/\/www.nuernbergkultur.de\" target=\"_blank\">Kulturreferent der Stadt N\u00fcrnberg<\/a><\/span><\/p>\n<p><span style=\"color: #808080;\"><em>&#8230;&#8230;&#8230;&#8230;&#8230;&#8230;&#8230;&#8230;&#8230;&#8230;&#8230;&#8230;&#8230;&#8230;&#8230;&#8230;&#8230;&#8230;&#8230;&#8230;&#8230;<\/em><\/span><\/p>\n<p><span style=\"color: #808080;\"><strong>Mittwoch, 21. bis\u00a0Sonntag, 25.\u00a0Mai 2014: N\u00fcrnberg-F\u00fcrth (Criminale)<\/strong><\/span><\/p>\n<p><span style=\"color: #808080;\">200 Lesungen, Rahmenprogramm in Zusammenarbeit mit der Polizei, Rechtsmedizin und Kulturschaffenden, Verleihung der renommierten Friedrich-Glauser-Preise: Auf der Criminale treffen sich j\u00e4hrlich rund 400 Krimiautoren. Das gr\u00f6\u00dfte europ\u00e4ische Krimifestival findet an wechselnden Orten statt und z\u00e4hlt zu den Highlights f\u00fcr Krimi- und Thrillerfreunde.<\/span><\/p>\n<p><span style=\"color: #808080;\">Veranstaltungsorte: <a style=\"color: #808080;\" href=\"http:\/\/www.die-criminale.de\/?page_id=2696\" target=\"_blank\">N\u00fcrnberg, F\u00fcrth und rundherum in Franken<br \/>\n<\/a>Programm:\u00a0<a style=\"color: #808080;\" href=\"http:\/\/www.die-criminale.de\/\" target=\"_blank\">Criminale-Homepage<\/a><\/span><br \/>\n<span style=\"color: #808080;\"> Veranstalter:\u00a0<a style=\"color: #808080;\" href=\"http:\/\/www.das-syndikat.com\" target=\"_blank\">Das Syndikat<\/a><\/span><\/p>\n<p><span style=\"color: #808080;\"><em>&#8230;&#8230;&#8230;&#8230;&#8230;&#8230;&#8230;&#8230;&#8230;&#8230;&#8230;&#8230;&#8230;&#8230;&#8230;&#8230;&#8230;&#8230;&#8230;&#8230;&#8230;<\/em><\/span><\/p>\n<p><span style=\"color: #808080;\"><strong>Freitag, 4. April 2014:\u00a0W\u00f6rth (am Rhein) \u2013 AUSGEBUCHT<\/strong><\/span><\/p>\n<p><span style=\"color: #808080;\">&#8222;Meet &amp; Greet&#8220;: ein Abend mit Lesung, Plauderei und allerlei kulinarischen K\u00f6stlichkeiten f\u00fcr G\u00e4ste &amp; \u00a0Kunden der Buchhandlung <a style=\"color: #808080;\" href=\"http:\/\/www.buchlaedel.de\" target=\"_blank\">S&#8216; Buchl\u00e4del.<\/a><\/span><\/p>\n<p><span style=\"color: #808080;\">Ort: S&#8216; Buchl\u00e4del\u00a0im Maximiliancenter,\u00a0Maximilianstr. 1,\u00a076744 W\u00f6rth, Fon:\u00a007271\/979891,\u00a0E-Mail:\u00a0<a style=\"color: #808080;\" href=\"mailto:info@buchlaedel.de\">info@buchlaedel.de<br \/>\n<\/a>Beginn: 20:00 Uhr<\/span><\/p>\n<p><span style=\"color: #808080;\"><em>&#8230;&#8230;&#8230;&#8230;&#8230;&#8230;&#8230;&#8230;&#8230;&#8230;&#8230;&#8230;&#8230;&#8230;&#8230;&#8230;&#8230;&#8230;&#8230;&#8230;&#8230;.<\/em><\/span><\/p>\n<p><span style=\"color: #808080;\"><strong>Donnerstag, 13. bis\u00a0Sonntag, 16. M\u00e4rz 2014: Leipzig (Buchmesse) <\/strong><\/span><\/p>\n<p><span style=\"color: #808080;\"><a style=\"color: #808080;\" href=\"http:\/\/www.leipziger-buchmesse.de\" target=\"_blank\">Buchmesse<\/a> (Messegel\u00e4nde) und Lesefestival <a style=\"color: #808080;\" href=\"http:\/\/www.leipzig-liest.de\" target=\"_blank\">Leipzig liest<\/a> (in so ziemlich allen Kneipen, im alten Stadtbad, im Gasometer \u2026).<\/span><\/p>\n<p><span style=\"color: #808080;\"><em>&#8230;&#8230;&#8230;&#8230;&#8230;&#8230;&#8230;&#8230;&#8230;&#8230;&#8230;&#8230;&#8230;&#8230;&#8230;&#8230;&#8230;&#8230;&#8230;&#8230;&#8230;<\/em><\/span><\/p>\n<p><span style=\"color: #808080;\"><strong>Donnerstag, 21.\u00a0November 2013:\u00a0Konstanz (Krimiwinter)\u00a0<\/strong><\/span><\/p>\n<p><span style=\"color: #808080;\">Lesung aus &#8222;Zeig mir den Tod&#8220; im Rahmen des <a style=\"color: #808080;\" href=\"http:\/\/www.konstanz.de\/kulturzentrum\/01635\/05492\/index.html\" target=\"_blank\">Krimiwinters 2013\/14<\/a>. Zwischen den Lesepassagen erz\u00e4hlt die Autorin Spannendes \u00fcber sich und das Schreiben.<\/span><\/p>\n<p><span style=\"color: #808080;\">Ort: Autohaus Gohm &amp; Graf Hardenberg, Wollmatinger Str. 9\u201311, 78467 Konstanz<\/span><br \/>\n<span style=\"color: #808080;\"> Beginn: 19:30 Uhr<\/span><\/p>\n<p><span style=\"color: #808080;\"><em>&#8230;&#8230;&#8230;&#8230;&#8230;&#8230;&#8230;&#8230;&#8230;&#8230;&#8230;&#8230;&#8230;&#8230;&#8230;&#8230;&#8230;&#8230;&#8230;&#8230;&#8230;<\/em><\/span><\/p>\n<p><span style=\"color: #888888;\"><strong>Freitag, 15.\u00a0November 2013: Wehr (Kriminacht)<\/strong><\/span><\/p>\n<p><span style=\"color: #888888;\"><a href=\"http:\/\/www.mediathek-wehr.de\/images\/stories\/veranstaltungen\/ladies%20crime%20nightkurz.pdf\" target=\"_blank\"><span style=\"color: #888888;\">&#8222;Ladies Crime Night&#8220;<\/span><\/a> im S\u00fcdschwarzwald! Es lesen: Petra Busch, <a href=\"http:\/\/www.susannemischke.de\" target=\"_blank\"><span style=\"color: #888888;\">Susanne Mischke<\/span><\/a> und Elisabeth Herrmann.<\/span><\/p>\n<p><span style=\"color: #888888;\">Ort: Mediathek der Stadt Wehr,\u00a0Waldstra\u00dfe 8,\u00a079664 Wehr<\/span><br \/>\n<span style=\"color: #888888;\"> Beginn: 19:00 Uhr<\/span><br \/>\n<span style=\"color: #888888;\"> Eintritt: 18\/15 Euro inkl. Mordsb\u00fcffet, scharfen Schnittchen und milden Tr\u00f6pfchen.<\/span><br \/>\n<span style=\"color: #888888;\"> Veranstalter:\u00a0<a href=\"http:\/\/www.mediathek-wehr.de\" target=\"_blank\"><span style=\"color: #888888;\">Mediathek der Stadt Wehr<\/span><\/a>\u00a0und\u00a0<a href=\"http:\/\/www.buchhandlung-volk.de\" target=\"_blank\"><span style=\"color: #888888;\">Buchhandlung Volk<\/span><\/a><a href=\"mailto:krimitage@kultur.karlsruhe.de\" target=\"_blank\"><span style=\"color: #888888;\"><br \/>\n<\/span><\/a>Vorverkauf\/Reservierung:\u00a0<a href=\"mailto:mediathek@wehr.info\" target=\"_blank\"><span style=\"color: #888888;\">mediathek@wehr.info<\/span><\/a>\u00a0oder Fon: 07762\u201380 95 87 (Mediathek) oder 07762\/511 66 (Buchhandlung Volk)<\/span><\/p>\n<p><span style=\"color: #888888;\"><em>&#8230;&#8230;&#8230;&#8230;&#8230;&#8230;&#8230;&#8230;&#8230;&#8230;&#8230;&#8230;&#8230;&#8230;&#8230;&#8230;&#8230;&#8230;&#8230;&#8230;&#8230;<\/em><\/span><\/p>\n<p><span style=\"color: #888888;\"><strong>Freitag, 25. Oktober 2013:\u00a0<\/strong><b>Karlsruhe<\/b><\/span><\/p>\n<p><span style=\"color: #888888;\">BENEFIZ-Winterlesung zugunsten des <a href=\"http:\/\/www.katzenschutzverein-karlsruhe.de\" target=\"_blank\"><span style=\"color: #888888;\">KatzenschutzVereins Karlsruhe und Umgebung e. V<\/span><\/a>.\u00a0Zwischen den Lesepassagen erz\u00e4hlt die Autorin Spannendes \u00fcber sich und das Schreiben. Und warum sie sich f\u00fcr den Tierschutz engagiert.<\/span><\/p>\n<p><span style=\"color: #888888;\">Ort: Gemeindehaus Karlsruhe-Waldstadt, K\u00f6nigsberger Stra\u00dfe 55, 76139 Karlsruhe<\/span><br \/>\n<span style=\"color: #888888;\"> Beginn: 18.30 Uhr bei Brezeln, vegetarischem Eintopf und Getr\u00e4nken, Lesungsbeginn um 19:30 Uhr<\/span><br \/>\n<span style=\"color: #888888;\"> Eintritt: freiwillig als Spende (kommt zu 100% dem KatzenschutzVerein e. V. zugute). Es gibt auch Kleinigkeiten f\u00fcrs leibliche Wohl ;-)<\/span><br \/>\n<span style=\"color: #888888;\"> Veranstalter: KatzenschutzVerein Karlsruhe e. V.<\/span><\/p>\n<p><span style=\"color: #888888;\"><em>&#8230;&#8230;&#8230;&#8230;&#8230;&#8230;&#8230;&#8230;&#8230;&#8230;&#8230;&#8230;&#8230;&#8230;&#8230;&#8230;&#8230;&#8230;&#8230;&#8230;&#8230;<\/em><\/span><\/p>\n<p><span style=\"color: #888888;\"><strong>Donnerstag, 24.\u00a0Oktober 2013: Calw<\/strong><\/span><\/p>\n<p><span style=\"color: #888888;\">Lesung aus &#8222;Zeig mir den Tod&#8220;. Zwischen den Lesepassagen erz\u00e4hlt die Autorin Spannendes \u00fcber sich und das Schreiben.<\/span><\/p>\n<p><span style=\"color: #888888;\">Ort: Volkshochschule Calw,\u00a0Kirchplatz 3,\u00a075365 Calw<\/span><br \/>\n<span style=\"color: #888888;\"> Beginn: 19:30 Uhr<\/span><br \/>\n<span style=\"color: #888888;\"> Eintritt:\u00a07 Euro, mit Osiander-Karte 5 Euro, Studierende 2 Euro.<\/span><br \/>\n<span style=\"color: #888888;\"> Veranstalter: <a href=\"http:\/\/www.osiander.de\/buchhandlungen\/calw\/calw.cfm\" target=\"_blank\"><span style=\"color: #888888;\">Buchhandlung Osiander<\/span><\/a>\u00a0in Zusammenarbeit mit der\u00a0<a href=\"http:\/\/www.vhs-calw.de\" target=\"_blank\"><span style=\"color: #888888;\">VHS Calw<\/span><\/a><a href=\"mailto:krimitage@kultur.karlsruhe.de\" target=\"_blank\"><span style=\"color: #888888;\"><br \/>\n<\/span><\/a>Vorverkauf\/Reservierung:\u00a0<a href=\"mailto:calw@osiander.de\" target=\"_blank\"><span style=\"color: #888888;\">calw@osiander.de<\/span><\/a>\u00a0oder Fon:\u00a007051\u2013790 27 50<\/span><\/p>\n<p><span style=\"color: #888888;\"><em>&#8230;&#8230;&#8230;&#8230;&#8230;&#8230;&#8230;&#8230;&#8230;&#8230;&#8230;&#8230;&#8230;&#8230;&#8230;&#8230;&#8230;&#8230;&#8230;&#8230;&#8230;<\/em><\/span><\/p>\n<p><span style=\"color: #888888;\"><strong>Freitag, 18.\u00a0Oktober 2013: Zuglesung Attendorn\u2013Finnetrop (Sauerland) \u2013\u00a0ZUGTICKETS AUSVERKAUFT!\u00a0<\/strong><\/span><\/p>\n<p><span style=\"color: #888888;\">&#8222;<a href=\"http:\/\/www.dreimann-buchhandlung.de\/images\/stories\/lesungen\/2013\/Murder%20Train\/1072148_654435931247916_459913417_o.jpg\" target=\"_blank\"><span style=\"color: #888888;\">Murder Train<\/span><\/a>&#8222;: f\u00fcnf historische Zugwaggons &#8211; in jedem liest ein(e) Krimiautor(in). An jeder Haltestelle wechseln die Autoren den Waggon, so dass die Fahrg\u00e4ste w\u00e4hrend insgesamt 1,5 Stunden Fahrt immer wieder anderen Krimistimmen und Geschichten lauschen k\u00f6nnen.<\/span><br \/>\n<span style=\"color: #888888;\"> Mit dabei (Autoren):\u00a0Christine Dress, Oliver Welter &amp; Michael Gentenberg, Judith Merchant, Veit Etzold und Petra Busch. Zeitgleich lesen Wulf Dorn und Arno Strobel in der \u00fcNN-Halle in Attendorn.<\/span><\/p>\n<p><span style=\"color: #888888;\">Ort\/Strecke: Attendorf\u2013Finnetrop und zur\u00fcck, gesamte Fahrzeit ca. 1,5 Stunden.<\/span><br \/>\n<span style=\"color: #888888;\"> Abfahrt Bahnsteig Attendorn: 20:15 Uhr<\/span><br \/>\n<span style=\"color: #888888;\"> Zugticket: 40 Euro;\u00a0Karten f\u00fcr die Halle 12 Euro<\/span><br \/>\n<span style=\"color: #888888;\"> Veranstalter:\u00a0<a href=\"http:\/\/www.dreimann-buchhandlung.de\" target=\"_blank\"><span style=\"color: #888888;\">Buchhandlung Dreimann<\/span><\/a>, Olpe<\/span><span style=\"color: #333333;\"><br \/>\n<\/span><\/p>\n<p><span style=\"color: #888888;\"><em>&#8230;&#8230;&#8230;&#8230;&#8230;&#8230;&#8230;&#8230;&#8230;&#8230;&#8230;&#8230;&#8230;&#8230;&#8230;&#8230;&#8230;&#8230;&#8230;&#8230;&#8230;<\/em><\/span><\/p>\n<p><span style=\"color: #888888;\"><strong>Freitag, 11. Oktober 2013: Expertengespr\u00e4ch Krimischreiben<\/strong><\/span><\/p>\n<p><span style=\"color: #888888;\">F\u00fcr den <a href=\"http:\/\/www.bvja-online.de\" target=\"_blank\"><span style=\"color: #888888;\">Bundesverband Junger Autoren und Autorinnen e. V.<\/span><\/a>\u00a0und die <a href=\"http:\/\/www.akademie-fuer-autoren.de\/home\/\" target=\"_blank\"><span style=\"color: #888888;\">Akademie f\u00fcr Autoren<\/span><\/a> steht Petra Busch Rede und Antwort rund ums Krimischreiben.<\/span><\/p>\n<p><span style=\"color: #888888;\">Ort: Halle 6, Ebene Z, Caf\u00e9 Net Line, Messegel\u00e4nde Buchmesse Frankfurt<\/span><br \/>\n<span style=\"color: #888888;\"> Zeit: 11:00\u201311:30 Uhr<\/span><\/p>\n<p><span style=\"color: #888888;\"><em>&#8230;&#8230;&#8230;&#8230;&#8230;&#8230;&#8230;&#8230;&#8230;&#8230;&#8230;&#8230;&#8230;&#8230;&#8230;&#8230;&#8230;&#8230;&#8230;&#8230;&#8230;<\/em><\/span><\/p>\n<p><span style=\"color: #888888;\"><strong>Mittwoch, 9. bis Sonntag, 13. Oktober 2013: Frankfurter Buchmesse<\/strong><\/span><\/p>\n<p><span style=\"color: #888888;\">Gastland: Brasilien<strong><br \/>\n<\/strong>Infos:\u00a0<a href=\"http:\/\/www.buchmesse.de\/de\/fbm\/\" target=\"_blank\"><span style=\"color: #888888;\">Frankfurter Buchmesse<\/span><\/a><\/span><\/p>\n<p><em>&#8230;&#8230;&#8230;&#8230;&#8230;&#8230;&#8230;&#8230;&#8230;&#8230;&#8230;&#8230;&#8230;&#8230;&#8230;&#8230;&#8230;&#8230;&#8230;&#8230;&#8230;<\/em><\/p>\n<p><span style=\"color: #888888;\"><strong>Freitag, 13. September 2013: Stuttgart<\/strong><\/span><\/p>\n<p><span style=\"color: #888888;\">BENEFIZ-Lesung aus &#8222;Zeig mir den Tod&#8220; zugunsten der\u00a0<a href=\"http:\/\/www.katzenhilfe-stuttgart.de\" target=\"_blank\"><span style=\"color: #888888;\">Katzenhilfe Stuttgart<\/span><\/a>. Zwischen den Lesepassagen erz\u00e4hlt die Autorin Spannendes \u00fcber sich und das Schreiben.\u00a0Und warum sie sich f\u00fcr den Tierschutz engagiert.<\/span><\/p>\n<p><span style=\"color: #888888;\">Ort: Feuerwehrhaus S\u00fcd, M\u00f6hringerstr. 56, 70199 Stuttgart (Heslach)<\/span><br \/>\n<span style=\"color: #888888;\"> Beginn: 19:30 Uhr, Einlass: 19:00 Uhr<\/span><br \/>\n<span style=\"color: #888888;\"> Eintritt: freiwillig als Spende (kommt zu 100% der Katzenhilfe zugute)<\/span><br \/>\n<span style=\"color: #888888;\"> Veranstalter: Katzenhilfe Stuttgart e.V. Infos gibt&#8217;s bei Kerstin Bergmann, Fon: 07158\/954 88 63<\/span><\/p>\n<p><span style=\"color: #888888;\"><em>&#8230;&#8230;&#8230;&#8230;&#8230;&#8230;&#8230;&#8230;&#8230;&#8230;&#8230;&#8230;&#8230;&#8230;&#8230;&#8230;&#8230;&#8230;&#8230;&#8230;&#8230;<\/em><\/span><\/p>\n<p><span style=\"color: #888888;\"><strong>Donnerstag, 12.\u00a0September\u00a02013: Freiburg (Polizeidirektion)<\/strong><\/span><\/p>\n<p><span style=\"color: #888888;\">Lesung in der <a href=\"http:\/\/www.polizei-freiburg.de\" target=\"_blank\"><span style=\"color: #888888;\">Polizeidirektion Freiburg<\/span><\/a> im Rahmen des &#8222;Freiburger Lesefestes mit Verleihung des <a href=\"http:\/\/www.freiburger-krimipreis.de\" target=\"_blank\"><span style=\"color: #888888;\">Freiburger Krimipreises 2013<\/span><\/a>&#8222;.\u00a0Zwischen den Lesepassagen erz\u00e4hlt die Autorin Spannendes \u00fcber sich, das Schreiben und ihre Recherche bei der Kripo und in der Rechtsmedizin.<\/span><br \/>\n<span style=\"color: #888888;\"> Mit einer Einf\u00fchrung durch den Leitenden Kriminaldirektor\u00a0Alfred Oschwald, Polizeichef von Freiburg und dem Landkreis Breisgau-Hochschwarzwald.<\/span><\/p>\n<p><span style=\"color: #888888;\">Ort: Polizeidirektion, Heinrich-von-Stephan-Str. 4, 79100 Freiburg<\/span><br \/>\n<span style=\"color: #888888;\"> Beginn: 20:15 Uhr<\/span><br \/>\n<span style=\"color: #888888;\"> L\u00f6segeld: 6 Euro; Angeh\u00f6rige der Polizei frei :)<\/span><\/p>\n<p><span style=\"color: #888888;\"><em>&#8230;&#8230;&#8230;&#8230;&#8230;&#8230;&#8230;&#8230;&#8230;&#8230;&#8230;&#8230;&#8230;&#8230;&#8230;&#8230;&#8230;&#8230;&#8230;&#8230;&#8230;<\/em><\/span><\/p>\n<p><span style=\"color: #808080;\"><strong>Freitag, 5.\u00a0Juli 2013: Schiffslesung auf dem Attersee, O\u00d6 (Festivaler\u00f6ffnung)<\/strong><\/span><\/p>\n<p><span style=\"color: #808080;\">Lesung zur Er\u00f6ffnung des \u00f6sterreichischen Krimi-Literatur-Festivals \u201c<a href=\"http:\/\/www.moerderischer-attersee.at\/03c1989e7e0f3ad03\/03c198a060110be0a\/03c198a06d098460d\/index.html\" target=\"_blank\"><span style=\"color: #808080;\">M\u00f6rderischer Attersee<\/span><\/a>\u201d 2013. Gemeinsam mit Thrillerautor\u00a0<a href=\"http:\/\/www.arno-strobel.de\/\" target=\"_blank\"><span style=\"color: #808080;\">Arno Strobel<\/span><\/a>,\u00a0<a href=\"http:\/\/www.claudia-rossbacher.com\/\" target=\"_blank\"><span style=\"color: #808080;\">Claudia Rossbacher<\/span><\/a> und\u00a0<a href=\"http:\/\/www.krimiautoren.at\/autor_jutta_siorpaes.html\" target=\"_blank\"><span style=\"color: #808080;\">Jutta Siorpaes<\/span><\/a>. Nach der Schiffslesung gem\u00fctliches Beisammensein, Austausch und Live-Musik.<\/span><\/p>\n<p><span style=\"color: #808080;\">Ort, Zeit und Ablauf:<\/span><br \/>\n<span style=\"color: #808080;\"> 18:00 Uhr Begr\u00fc\u00dfungsdrink an der Anlegestelle Kammer\/Sch\u00f6rfling am Attersee<\/span><br \/>\n<span style=\"color: #808080;\"> 19:00\u201321:15 Uhr: Schifffahrt mit Lesungen (ab Kammer)<\/span><br \/>\n<span style=\"color: #808080;\"> ab 21:15 Uhr: Crime-Dacapo auf \u00a0der Terrasse des Restaurants <em>Langostinos<\/em>, begleitet von den Musikern Jeff\u00a0Maxian &amp; Charlie Haidecker.<\/span><br \/>\n<span style=\"color: #808080;\"> Eintritt: folgt<strong><br \/>\n<\/strong>Reservierung &amp; Info:\u00a0<a href=\"mailto:office@krimi-literatur-festival.at\" target=\"_blank\"><span style=\"color: #808080;\">office@krimi-literatur-festival.at<\/span><\/a><\/span><\/p>\n<p><span style=\"color: #808080;\"><em>&#8230;&#8230;&#8230;&#8230;&#8230;&#8230;&#8230;&#8230;&#8230;&#8230;&#8230;&#8230;&#8230;&#8230;&#8230;&#8230;&#8230;&#8230;&#8230;&#8230;&#8230;<\/em><\/span><\/p>\n<p><span style=\"color: #808080;\"><strong>Freitag, 21.\u00a0Juni 2013: Rietberg (Kriminacht)<\/strong><\/span><\/p>\n<p><span style=\"color: #808080;\"><a href=\"http:\/\/www.kulturig.com\/das-programm\/21-06-13-2-rietberger-kriminacht\/\" target=\"_blank\"><span style=\"color: #808080;\">Kriminacht<\/span><\/a>\u00a0 mit Lesungen, Gespr\u00e4chen, Getr\u00e4nken, Schnittchen \u2026 und den Autoren Petra Busch, <a href=\"http:\/\/www.jan-costin-wagner.de\" target=\"_blank\"><span style=\"color: #808080;\">Jan Costin Wagner<\/span><\/a> und\u00a0<a href=\"http:\/\/www.hans-joerg-kuehne.de\/1.html\" target=\"_blank\"><span style=\"color: #808080;\">Hans-J\u00f6rg K\u00fchne<\/span><\/a>, die den Abend auch musikalisch erg\u00e4nzen.<\/span><\/p>\n<p><span style=\"color: #808080;\">Ort: Altes Progymnasium, Klosterstra\u00dfe 13, 33397\u00a0<a href=\"http:\/\/www.rietberg.de\/index.php?id=65\" target=\"_blank\"><span style=\"color: #808080;\">Rietberg<br \/>\n<\/span><\/a>Beginn: 20:30 Uhr<\/span><br \/>\n<span style=\"color: #808080;\"> Eintritt: 13,20 Euro (VVK) \/ 16 Euro (Abendkasse)<\/span><br \/>\n<span style=\"color: #808080;\"> Veranstalter und Vorverkauf: <a href=\"http:\/\/www.kulturig.com\/vorverkaufsstellen\/\" target=\"_blank\"><span style=\"color: #808080;\">Kulturig e.V.<\/span><\/a><\/span><\/p>\n<p><span style=\"color: #808080;\"><em>&#8230;&#8230;&#8230;&#8230;&#8230;&#8230;&#8230;&#8230;&#8230;&#8230;&#8230;&#8230;&#8230;&#8230;&#8230;&#8230;&#8230;&#8230;&#8230;&#8230;&#8230;<\/em><\/span><\/p>\n<p><span style=\"color: #808080;\">ABGESAGT WEGEN HOCHWASSER:<\/span><\/p>\n<p><span style=\"color: #808080;\"><strong>Freitag, 7.\u00a0Juni 2013: Mei\u00dfen (Kriminacht beim Open-Air-Lesefest)<\/strong><\/span><\/p>\n<p><span style=\"color: #808080;\">Vom 5.\u20139. Juni 2013 verwandeln sich Mei\u00dfens Gassen, Innenh\u00f6fe und Br\u00fcckenb\u00f6gen wieder zu Schaupl\u00e4tzen spannender Geschichten: Auf Deutschlands\u00a0<a href=\"http:\/\/literaturfest-meissen.de\" target=\"_blank\"><span style=\"color: #808080;\">gr\u00f6\u00dftem Open-Air-Lesefest<\/span><\/a> gibt&#8217;s f\u00fcnf Tage lang Mittelalterliches, M\u00e4rchenhaftes,\u00a0M\u00f6rderisches und Phantastisches. Am Freitag, den 7. Juni, erleben Besucher die &#8222;Krimib\u00fchne&#8220;, auf der zu jeder vollen Stunde ein anderer Autor liest.<\/span><\/p>\n<p><span style=\"color: #808080;\">Ort: Kreuzgang des Stadtmuseums (Altstadt), 01662 Mei\u00dfen<\/span><br \/>\n<span style=\"color: #808080;\"> Beginn\/Ablauf: Es lesen Daniel Holbe (20 Uhr), Petra Busch (21 Uhr) und Jonas Winner (22 Uhr). Warme Jacken nicht vergessen ;-)<\/span><br \/>\n<span style=\"color: #808080;\"> Eintritt: frei<\/span><\/p>\n<p><span style=\"color: #808080;\"><em>&#8230;&#8230;&#8230;&#8230;&#8230;&#8230;&#8230;&#8230;&#8230;&#8230;&#8230;&#8230;&#8230;&#8230;&#8230;&#8230;&#8230;&#8230;&#8230;&#8230;&#8230;<\/em><\/span><\/p>\n<p><span style=\"color: #808080;\"><strong> Donnerstag, 18. April 2013: Bern (CH)<\/strong><\/span><\/p>\n<p><span style=\"color: #808080;\">Lesung &#8222;Krimi und Wein \u2013 Vom Simmental bis Rom&#8220;. Zusammen mit Marijke Schnyder und <a href=\"http:\/\/www.thomaskowa.de\" target=\"_blank\"><span style=\"color: #808080;\">Thomas Kowa<\/span><\/a> im Rahmen der <a href=\"http:\/\/www.die-criminale.de\" target=\"_blank\"><span style=\"color: #808080;\">Criminale 2013<\/span><\/a>.<\/span><\/p>\n<p><span style=\"color: #808080;\">Ort: Bibliothek im L\u00e4nggasse-Quartier, Vereinsweg 27, 3012 Bern (CH)<\/span><br \/>\n<span style=\"color: #808080;\"> Beginn: 19:30 Uhr<\/span><br \/>\n<span style=\"color: #808080;\"> Eintritt: 10,00 CHF inkl. Weindegustation Vinoth\u00e8que &#8222;La pssion du vine&#8220;<\/span><br \/>\n<span style=\"color: #808080;\"> Vorverkauf\/Reservierung: <a href=\"http:\/\/www.kornhausbibliotheken.ch\/index.php?view=details&amp;id=902%3Akrimi-und-wein-vom-simmental-bis-rom&amp;option=com_eventlist&amp;Itemid=18\" target=\"_blank\"><span style=\"color: #808080;\">Bibliothek L\u00e4nggasse<\/span><\/a> (auch per Mail)<\/span><br \/>\n<span style=\"color: #808080;\"> Veranstalter: <a href=\"http:\/\/www.das-syndikat.com\" target=\"_blank\"><span style=\"color: #808080;\">Das Syndikat<\/span><\/a><\/span><\/p>\n<p><span style=\"color: #808080;\"><em>&#8230;&#8230;&#8230;&#8230;&#8230;&#8230;&#8230;&#8230;&#8230;&#8230;&#8230;&#8230;&#8230;&#8230;&#8230;&#8230;&#8230;&#8230;&#8230;&#8230;&#8230;<\/em><\/span><\/p>\n<p><span style=\"color: #808080;\"><strong>Mittwoch, 17., bis Sonntag, 21. April 2013: Bern, CH (Criminale)<\/strong><\/span><\/p>\n<p><span style=\"color: #808080;\">200 Lesungen, Rahmenprogramm in Zusammenarbeit mit der Polizei, Rechtsmedizin und Kulturschaffenden, Verleihung der renommierten Friedrich-Glauser-Preise: Auf der Criminale treffen sich j\u00e4hrlich zwischen 200 und 400 Krimiautoren. Das gr\u00f6\u00dfte europ\u00e4ische Krimifestival findet an wechselnden Orten statt und z\u00e4hlt zu den Highlights f\u00fcr Krimi- und Thrillerfreunde.<\/span><br \/>\n<span style=\"color: #808080;\"> Ort: Bern, Burgdorf, Thun und Solothurn<\/span><br \/>\n<span style=\"color: #888888;\"> Programm: <\/span><a href=\"http:\/\/die-criminale.de\" target=\"_blank\"><span style=\"color: #888888;\">Criminale-Homepage<\/span><\/a><span style=\"color: #888888;\"> (<\/span><a href=\"http:\/\/www.flipr.ch\/flip_books\/view\/5e2ea16841c1535fc20ffc07da0ffe1783f2642b\" target=\"_blank\"><span style=\"color: #888888;\">online bl\u00e4ttern<\/span><\/a><span style=\"color: #888888;\">)<\/span><br \/>\n<span style=\"color: #888888;\"> Veranstalter: <\/span><a href=\"http:\/\/www.das-syndikat.com\" target=\"_blank\"><span style=\"color: #888888;\">Das Syndikat <\/span><\/a><\/p>\n<p><span style=\"color: #888888;\"><em>&#8230;&#8230;&#8230;&#8230;&#8230;&#8230;&#8230;&#8230;&#8230;&#8230;&#8230;&#8230;&#8230;&#8230;&#8230;&#8230;&#8230;&#8230;&#8230;&#8230;&#8230;<\/em><\/span><\/p>\n<p><span style=\"color: #888888;\"><strong>Donnerstag, 11. April 2013: Ettlingen<\/strong><\/span><\/p>\n<p><span style=\"color: #888888;\">BENEFIZ-Lesung aus &#8222;Zeig mir den Tod&#8220; zugunsten des Ettlinger Tierheimes.\u00a0Zwischen den Lesepassagen erz\u00e4hlt die Autorin Spannendes \u00fcber sich und das Schreiben.<\/span><br \/>\n<span style=\"color: #888888;\"> Ort: <\/span><a href=\"http:\/\/www.bistropic.de\" target=\"_blank\"><span style=\"color: #888888;\">Bistropic<\/span><\/a><span style=\"color: #888888;\"> im Kino &#8222;Kulisse Ettlingen&#8220;,\u00a0Am Dickh\u00e4uterplatz 16, 76275 Ettlingen<\/span><br \/>\n<span style=\"color: #888888;\"> Beginn: 18 Uhr<\/span><br \/>\n<span style=\"color: #888888;\"> Eintritt: freiwillig als Spende am Veranstaltungsabend (kommt zu 100% dem Tierheim zugute)<\/span><br \/>\n<span style=\"color: #888888;\"> Veranstalter: <\/span><a href=\"http:\/\/www.tierschutzverein-ettlingen.info\" target=\"_blank\"><span style=\"color: #888888;\">Tierschutzverein Ettlingen<\/span><\/a><\/p>\n<p><span style=\"color: #888888;\"><em>&#8230;&#8230;&#8230;&#8230;&#8230;&#8230;&#8230;&#8230;&#8230;&#8230;&#8230;&#8230;&#8230;&#8230;&#8230;&#8230;&#8230;&#8230;&#8230;&#8230;&#8230;<\/em><\/span><\/p>\n<p><span style=\"color: #888888;\"><strong>Mittwoch, <strong>14., bis <\/strong>Sonntag, 17. M\u00e4rz 2013: Leipzig (Buchmesse)<\/strong><\/span><\/p>\n<p><span style=\"color: #888888;\">Infos und Programm:\u00a0<a href=\"http:\/\/www.leipziger-buchmesse.de\" target=\"_blank\">Leipziger Buchmesse<\/a> \/ <a href=\"http:\/\/www.leipzig-liest.de\" target=\"_blank\">Leipzig liest<\/a>.<br \/>\n<\/span><\/p>\n<p><span style=\"color: #888888;\"><em>&#8230;&#8230;&#8230;&#8230;&#8230;&#8230;&#8230;&#8230;&#8230;&#8230;&#8230;&#8230;&#8230;&#8230;&#8230;&#8230;&#8230;&#8230;&#8230;&#8230;&#8230;<\/em><\/span><\/p>\n<p><span style=\"color: #888888;\"><strong>Freitag, 15. M\u00e4rz 2013: Karlsruhe (7. Karlsruher\u00a0Krimitage)<br \/>\n<\/strong>Lesung aus &#8222;Zeig mir den Tod&#8220; im Rahmen der <\/span><a href=\"http:\/\/www.karlsruher-krimitage.de\" target=\"_blank\"><span style=\"color: #888888;\">7. Karlsruher Krimitage<\/span><\/a><span style=\"color: #888888;\">. Zwischen den Lesepassagen erz\u00e4hlt die Autorin Spannendes \u00fcber sich und das Schreiben.<\/span><br \/>\n<span style=\"color: #888888;\"> Ort: Fasanenschl\u00f6sschen,\u00a0Richard Willst\u00e4tter Allee 2,\u00a076131 Karlsruhe<\/span><br \/>\n<span style=\"color: #888888;\"> Beginn: 18 Uhr<\/span><br \/>\n<span style=\"color: #888888;\"> Eintritt: keiner<\/span><br \/>\n<span style=\"color: #888888;\"> Veranstalter:\u00a0Kulturb\u00fcro\u00a0der\u00a0Stadt\u00a0Karlsruhe, <\/span><a href=\"mailto:krimitage@kultur.karlsruhe.de\" target=\"_blank\"><span style=\"color: #888888;\">krimitage@kultur.karlsruhe.de<\/span><\/a><\/p>\n<p><span style=\"color: #888888;\"><em>&#8230;&#8230;&#8230;&#8230;&#8230;&#8230;&#8230;&#8230;&#8230;&#8230;&#8230;&#8230;&#8230;&#8230;&#8230;&#8230;&#8230;&#8230;&#8230;&#8230;&#8230;<\/em><\/span><\/p>\n<p><span style=\"color: #888888;\"><strong>Dienstag, 12. M\u00e4rz 2013: M\u00fcnchen (Krimifestival)<br \/>\n<\/strong><strong><span style=\"color: #808080;\">BUCHPREMIERE &#8222;ZEIG MIR DEN TOD&#8220; <span style=\"color: #333333;\">(ausverkauft!)<\/span><\/span><br \/>\n<\/strong> Lesung, spannende Einblicke hinter die Kulissen des Schreibens, kleine Leckereien sowie Live-Musik mit der Fl\u00f6tistin Isabelle Soulas und dem Klarinettisten Oliver Klenk erwarten die G\u00e4ste.<br \/>\nDie Premiere findet im Rahmen des <span style=\"color: #808080;\">renommierten<\/span> internationalen <\/span><a href=\"http:\/\/www.krimifestival-muenchen.de\" target=\"_blank\"><span style=\"color: #888888;\">Krimifestivals M\u00fcnchen<\/span><\/a><span style=\"color: #888888;\"> statt, auf dem 2013 auch Elizabeth George, Jussi Adler Olsen, Rita Falk, Asa Larson, J\u00f6rg Maurer und viele andere hochkar\u00e4tige Autoren zu Gast sind.<\/span><br \/>\n<span style=\"color: #888888;\"> Ort:\u00a0Buchhandlung und Caf\u00e9 &#8222;<\/span><a href=\"http:\/\/www.buchbohne.de\" target=\"_blank\"><span style=\"color: #888888;\">Buch &amp; Bohne<\/span><\/a><span style=\"color: #888888;\">&#8222;, Kapuzinerplatz 4 (Eingang H\u00e4berlstra\u00dfe), 80337 M\u00fcnchen, Fon: 089\/37 41 40 60<\/span><br \/>\n<span style=\"color: #888888;\"> Beginn: 20 Uhr<\/span><br \/>\n<span style=\"color: #888888;\"> Eintritt: 8 Euro (inklusive ein Glas Wein)<\/span><br \/>\n<span style=\"color: #888888;\"> Vorverkauf\/Reservierung: <\/span><a href=\"mailto:kontakt@buchbohne.de\" target=\"_blank\"><span style=\"color: #888888;\">kontakt@buchbohne.de<\/span><\/a><\/p>\n<p><span style=\"color: #888888;\"><em>&#8230;&#8230;&#8230;&#8230;&#8230;&#8230;&#8230;&#8230;&#8230;&#8230;&#8230;&#8230;&#8230;&#8230;&#8230;&#8230;&#8230;&#8230;&#8230;&#8230;&#8230;<\/em><\/span><\/p>\n<p><span style=\"color: #888888;\"><strong>Mittwoch, 7. November 2012: Tuttlingen (Literaturherbst)<\/strong><\/span><\/p>\n<p><span style=\"color: #888888;\">Lesung aus &#8222;Mein wirst du bleiben&#8220; im Rahmen des <\/span><a href=\"http:\/\/www.tuttlinger-hallen.de\/index.php?id=54\" target=\"_blank\"><span style=\"color: #888888;\">Tuttlinger Literaturherbstes<\/span><\/a><span style=\"color: #888888;\">.\u00a0Zwischen den Lesepassagen erz\u00e4hlt die Autorin Spannendes \u00fcber sich und das Schreiben.<\/span><br \/>\n<span style=\"color: #888888;\"> Ort: Stadthalle Tuttlingen, Kleiner Saal, K\u00f6nigstra\u00dfe 39, 78532 Tuttlingen<\/span><br \/>\n<span style=\"color: #888888;\"> Beginn: 20 Uhr<\/span><br \/>\n<span style=\"color: #888888;\"> Eintritt: 11 Euro<\/span><br \/>\n<span style=\"color: #888888;\"> Veranstalter:\u00a0Tuttlinger Hallen in Zusammenarbeit mit <\/span><a href=\"http:\/\/www.stiefels-buchladen.de\/\" target=\"_blank\"><span style=\"color: #888888;\">Stiefels Buchladen<\/span><\/a><span style=\"color: #888888;\">.<\/span><br \/>\n<span style=\"color: #888888;\"> Vorverkauf: <\/span><a href=\"http:\/\/tickets.vibus.de\/00100014000001\/shop\/-\/Tuttlingen\/Stadthalle_Tuttlingen\/Kleiner_Saal\/Petra_Busch_liest\/-\/vstdetails.aspx?VstKey=10001400100756000\" target=\"_blank\"><span style=\"color: #888888;\">online<\/span><\/a><span style=\"color: #888888;\"> oder bei Stiefels Buchladen (074 6\/16 14 41)<\/span><\/p>\n<p><span style=\"color: #888888;\"><em>&#8230;&#8230;&#8230;&#8230;&#8230;&#8230;&#8230;&#8230;&#8230;&#8230;&#8230;&#8230;&#8230;&#8230;&#8230;&#8230;&#8230;&#8230;&#8230;&#8230;&#8230;<\/em><\/span><\/p>\n<p><span style=\"color: #888888;\"><strong>Freitag, 19. Oktober 2012: Oberkirch (Literaturtage)<\/strong><\/span><\/p>\n<p><span style=\"color: #888888;\">Lesung aus &#8222;Mein wirst du bleiben&#8220;.\u00a0Zwischen den Lesepassagen erz\u00e4hlt die Autorin Spannendes \u00fcber sich und das Schreiben.<\/span><br \/>\n<span style=\"color: #888888;\"> Ort: Buchhandlung <\/span><a href=\"http:\/\/www.buecherinsel.org\" target=\"_blank\"><span style=\"color: #888888;\">B\u00fccherinsel<\/span><\/a><span style=\"color: #888888;\">, Bahnhofstr. 4, 77704 Oberkirch<\/span><br \/>\n<span style=\"color: #888888;\"> Beginn: 20 Uhr<\/span><br \/>\n<span style=\"color: #888888;\"> Eintritt: Vorverkauf (Fon:\u00a007802\u2013701761)\u00a05 Euro, Abendkasse 7 Euro<\/span><br \/>\n<span style=\"color: #888888;\"> Veranstalter: Kulturamt der Stadt <\/span><a href=\"http:\/\/www.oberkirch.de\/\" target=\"_blank\"><span style=\"color: #888888;\">Oberkirch<\/span><\/a><span style=\"color: #888888;\">, Fon:\u00a007802\/82-245<\/span><\/p>\n<p><em>&#8230;&#8230;&#8230;&#8230;&#8230;&#8230;&#8230;&#8230;&#8230;&#8230;&#8230;&#8230;&#8230;&#8230;&#8230;&#8230;&#8230;&#8230;&#8230;&#8230;&#8230;<\/em><\/p>\n<p><span style=\"color: #888888;\"><strong>Mittwoch, 10. bis Sonntag, 14. Oktober 2012: Frankfurter Buchmesse<br \/>\n<\/strong>Gastland: Neuseeland<strong><br \/>\n<\/strong>Infos: <\/span><a href=\"http:\/\/www.buchmesse.de\/de\/fbm\/\" target=\"_blank\"><span style=\"color: #888888;\">Frankfurter Buchmesse<\/span><\/a><\/p>\n<p><span style=\"color: #888888;\"><em>&#8230;&#8230;&#8230;&#8230;&#8230;&#8230;&#8230;&#8230;&#8230;&#8230;&#8230;&#8230;&#8230;&#8230;&#8230;&#8230;&#8230;&#8230;&#8230;&#8230;&#8230;<\/em><\/span><\/p>\n<p><span style=\"color: #888888;\"><strong>Freitag, 27. April 2012: Hallenberg\/Hochsauerlandkreis (Criminale)<br \/>\n<\/strong>(im Rahmen der <\/span><a href=\"http:\/\/www.die-criminale.de\/\" target=\"_blank\"><span style=\"color: #888888;\">Criminale<\/span><\/a><span style=\"color: #888888;\">, dem gr\u00f6\u00dften deutschsprachigen\u00a0Krimifestival mit Verleihung der renommierten Friedrich-Glauser-Preise; 25.\u201329. April 2012)<\/span><br \/>\n<span style=\"color: #888888;\"> Lesung gemeinsam mit <\/span><a href=\"http:\/\/rita-hampp.blogspot.de\/\" target=\"_blank\"><span style=\"color: #888888;\">Rita Hampp<\/span><\/a><span style=\"color: #888888;\"> und <\/span><a href=\"http:\/\/www.veit-bronnenmeyer.de\/\" target=\"_blank\"><span style=\"color: #888888;\">Veit Bronnenmeyer<\/span><\/a><span style=\"color: #888888;\">.<\/span><br \/>\n<span style=\"color: #888888;\"> Ort: Hotel Diedrich,\u00a0Nuhnestra\u00dfe 2, 59969 Hallenberg<\/span><br \/>\n<span style=\"color: #888888;\"> Beginn: 19:00 Uhr<\/span><br \/>\n<span style=\"color: #888888;\"> Veranstalter: <\/span><a href=\"http:\/\/www.das-syndikat.com\/\" target=\"_blank\"><span style=\"color: #888888;\">Das Syndikat<\/span><\/a><span style=\"color: #888888;\"> (Autorengruppe deutschsprachige Kriminalliteratur)<\/span><\/p>\n<p><span style=\"color: #888888;\"><em>&#8230;&#8230;&#8230;&#8230;&#8230;&#8230;&#8230;&#8230;&#8230;&#8230;&#8230;&#8230;&#8230;&#8230;&#8230;&#8230;&#8230;&#8230;&#8230;&#8230;&#8230;<\/em><\/span><\/p>\n<p><span style=\"color: #888888;\"><strong>Sonntag, 25. M\u00e4rz 2012: Zehnthaus Jockgrim<\/strong><strong> (Pfalz)<\/strong><\/span><a href=\"mailto:frankfurt@vfll.de\" target=\"_blank\"><span style=\"color: #888888;\"><strong><br \/>\n<\/strong><\/span><\/a><span style=\"color: #888888;\">Matinee: Lesung aus &#8222;Mein wirst du bleiben&#8220;. Zwischen den Lesepassagen erz\u00e4hlt die Autorin Spannendes \u00fcber sich und das Schreiben.<\/span><br \/>\n<span style=\"color: #888888;\"> Ort: Kulturdenkmal &#8222;<\/span><a href=\"http:\/\/www.zehnthaus.de\" target=\"_blank\"><span style=\"color: #888888;\">Zehnthaus<\/span><\/a><span style=\"color: #888888;\">&#8222;, Ludwigstra\u00dfe 26-28,\u00a076751 Jockgrim am Rhein<\/span><br \/>\n<span style=\"color: #888888;\"> Veranstalter: Kuratorium f\u00fcr Kunst und Denkmalpflege e. V. (Zehnthaus)<span style=\"text-decoration: underline;\"><a href=\"http:\/\/www.bw-ehrenkirchen.de\/\" target=\"_blank\"><br \/>\n<\/a><\/span>Beginn: 11:00 Uhr<\/span><br \/>\n<span style=\"color: #888888;\"> Eintritt: 10 Euro, Mitglieder 8 Euro, Studenten 3 Euro, Sch\u00fcler kostenlos<\/span><br \/>\n<span style=\"color: #888888;\"> Vorverkauf\/Kontakt: Tel 0 72 71\/52 138<\/span><\/p>\n<p><span style=\"color: #888888;\"><em>&#8230;&#8230;&#8230;&#8230;&#8230;&#8230;&#8230;&#8230;&#8230;&#8230;&#8230;&#8230;&#8230;&#8230;&#8230;&#8230;&#8230;&#8230;&#8230;&#8230;&#8230;<\/em><\/span><\/p>\n<p><span style=\"color: #888888;\"><strong>Donnerstag, 15. bis Sonntag, 18. M\u00e4rz 2012: Leipziger Buchmesse &amp; &#8222;Leipzig liest&#8220;<br \/>\n<\/strong>Infos: <\/span><a href=\"http:\/\/www.leipziger-buchmesse.de\/\" target=\"_blank\"><span style=\"color: #888888;\">Leipziger Buchmesse<\/span><\/a><span style=\"color: #888888;\"> und <\/span><a href=\"http:\/\/www.leipzig-liest.de\/\" target=\"_blank\"><span style=\"color: #888888;\">&#8222;Leipzig liest&#8220;<\/span><\/a><\/p>\n<p><span style=\"color: #888888;\"><em>&#8230;&#8230;&#8230;&#8230;&#8230;&#8230;&#8230;&#8230;&#8230;&#8230;&#8230;&#8230;&#8230;&#8230;&#8230;&#8230;&#8230;&#8230;&#8230;&#8230;&#8230;<\/em><\/span><\/p>\n<div><span style=\"color: #888888;\"><strong><span style=\"color: #888888;\">Donnerstag, 23. Februar 2012: Frankfurt<\/span><br \/>\n<\/strong>Vortrag zum &#8222;Themenabend Krimi&#8220; des Verbands Freier Lektorinnen und Lektoren (VFLL), <\/span><a href=\"http:\/\/www.vfll.de\/pages\/regionalgruppen\/rg_frankfurt.php\" target=\"_blank\"><span style=\"color: #888888;\">Regional-Verband Frankfurt<\/span><br \/>\n<\/a><span style=\"color: #888888;\">Ort: <\/span><a href=\"http:\/\/www.literaturhaus-frankfurt.de\/\" target=\"_blank\"><span style=\"color: #888888;\">Literaturhaus Frankfurt<\/span><\/a><span style=\"color: #888888;\">, Sch\u00f6ne Aussicht 2, 60311 Frankfurt<\/span><br \/>\n<span style=\"color: #888888;\"> Beginn: 19 Uhr<\/span><br \/>\n<span style=\"color: #888888;\"> Nichtmitglieder bitte voranmelden unter 0 60 35\/9 67 68 11 (Ines Balcik) oder per Mail: <\/span><a href=\"mailto:frankfurt@vfll.de\" target=\"_blank\"><span style=\"color: #888888;\">frankfurt@vfll.de<\/span><\/a><\/div>\n<p><span style=\"color: #888888;\"><em>&#8230;&#8230;&#8230;&#8230;&#8230;&#8230;&#8230;&#8230;&#8230;&#8230;&#8230;&#8230;&#8230;&#8230;&#8230;&#8230;&#8230;&#8230;&#8230;&#8230;&#8230;<\/em><\/span><\/p>\n<p><span style=\"color: #888888;\"><strong>Dienstag, 29. November 2011: Karlsruhe<br \/>\n<\/strong>Lesung aus &#8222;Mein wirst du bleiben&#8220; auf der <\/span><a href=\"http:\/\/www.buecherschau.de\/\" target=\"_blank\"><span style=\"color: #888888;\">B\u00fccherschau Karlsruhe<\/span><\/a><span style=\"color: #888888;\">.<\/span><br \/>\n<span style=\"color: #888888;\"> Ort: Meidingersaal, Regierungspr\u00e4sidium, Karl-Friedrich-Str. 17, 76133 Karlsruhe<\/span><br \/>\n<span style=\"color: #888888;\"> Veranstalter: <\/span><a href=\"http:\/\/www.thalia.de\/shop\/tha_homestartseite\/thalia-filialen\/showDetails\/189\/\" target=\"_blank\"><span style=\"color: #888888;\">Buchhandlung Thalia<\/span><\/a><br \/>\n<span style=\"color: #888888;\"> Beginn: 20 Uhr<strong><br \/>\n<\/strong>Eintritt: 6 Euro<\/span><\/p>\n<p><span style=\"color: #888888;\"><em>&#8230;&#8230;&#8230;&#8230;&#8230;&#8230;&#8230;&#8230;&#8230;&#8230;&#8230;&#8230;&#8230;&#8230;&#8230;&#8230;&#8230;&#8230;&#8230;&#8230;&#8230;<\/em><\/span><\/p>\n<p><span style=\"color: #888888;\"><strong>Samstag, 26. November 2011: <a href=\"http:\/\/www.stuttgarts-lange-kriminacht.de\/\" target=\"_blank\">Stuttgarts lange Kriminacht<\/a><br \/>\n<\/strong>Auf den <\/span><a href=\"http:\/\/www.buchwochen.de\/\" target=\"_blank\"><span style=\"color: #888888;\">Stuttgarter Buchwochen<\/span><\/a><span style=\"color: #888888;\"> lesen Petra Busch, Friedrich Ani, Jochen Senf, Sybille Baecker und Ralf H. Dorweiler Kurzgeschichten \u2013 jede(r) vier Mal: 19, 20, 21 und 22 Uhr. Eine Lesung (mit Aufl\u00f6sung) dauert ca. 35 Minuten. Dazwischen Erfrischung im &#8222;Bistro Logo&#8220;.<\/span><br \/>\n<span style=\"color: #888888;\"> Ort: <\/span><a href=\"http:\/\/www.hausderwirtschaft.de\" target=\"_blank\"><span style=\"color: #888888;\">Haus der Wirtschaft<\/span><\/a><span style=\"color: #888888;\">, Willi-Bleicher-Stra\u00dfe 19, 70174 Stuttgart<\/span><br \/>\n<span style=\"color: #888888;\"> Veranstalter: B\u00f6rsenverein des Dt. Buchhandels, <\/span><a href=\"http:\/\/www.buchhandelsverband.de\/de\/baden_wuerttemberg\/index.html\" target=\"_blank\"><span style=\"color: #888888;\">LV Baden-W\u00fcrttemberg e. V.<\/span><\/a><br \/>\n<span style=\"color: #888888;\"> Beginn: 19 Uhr<strong><br \/>\n<\/strong>Eintritt: 15 Euro\/erm. 12 Euro<\/span><br \/>\n<span style=\"color: #888888;\"> Vorverkauf: Stuttgarter Buchhandlungen Lindemanns (Nadlerstra\u00dfe 4), Wittwer (K\u00f6nigstra\u00dfe 30) und Under-Cover (Nesenbachstra\u00dfe 50). Sowie an der Buchwochen-Infotheke im Haus der Wirtschaft.<\/span><\/p>\n<p><span style=\"color: #888888;\"><em>&#8230;&#8230;&#8230;&#8230;&#8230;&#8230;&#8230;&#8230;&#8230;&#8230;&#8230;&#8230;&#8230;&#8230;&#8230;&#8230;&#8230;&#8230;&#8230;&#8230;&#8230;<\/em><\/span><\/p>\n<p><span style=\"color: #888888;\"><strong>Samstag, 19. November 2011: Ludwigshafener Kriminacht<\/strong><\/span><a href=\"mailto:frankfurt@vfll.de\" target=\"_blank\"><span style=\"color: #888888;\"><strong><br \/>\n<\/strong><\/span><\/a><span style=\"color: #888888;\">Eine Nacht \u2013 zehn Krimiautor(inn)en \u2013 ein Rechtsmediziner. Mit Lesungen, Interviews und Fachgespr\u00e4chen. Dabei sind u. a.: Krimi-Queen Ingrid Noll, der Autor und ehemalige Tatort-Kommissar Jochen Senf und Petra Busch. Dazu gibt&#8217;s Prosecco mit Schuss, eiskalte und feurighei\u00dfe Gaumenkitzler sowie &#8222;die kriminellste Jazzband S\u00fcddeutschlands&#8220; <\/span><a href=\"http:\/\/www.boogaloo-online.de\" target=\"_blank\"><span style=\"color: #888888;\">Boogaloo<\/span><\/a><span style=\"color: #888888;\">.<\/span><br \/>\n<span style=\"color: #888888;\"> Moderation: Angela E\u00dfer vom <\/span><a href=\"http:\/\/www.das-syndikat.biz\" target=\"_blank\"><span style=\"color: #888888;\">Syndikat<\/span><\/a><br \/>\n<span style=\"color: #888888;\"> Ort: <\/span><a href=\"http:\/\/www.ludwigshafen-pfalzbau.de\" target=\"_blank\"><span style=\"color: #888888;\">Pfalzbau<\/span><\/a><span style=\"color: #888888;\">, Konzertsaal, Kaiser-Wilhelm-Stra\u00dfe, 67059 Ludwigshafen am Rhein<\/span><br \/>\n<span style=\"color: #888888;\"> Beginn: 19:30 Uhr, Einlass 19 Uhr, Veranstaltungsende: 23 Uhr<\/span><br \/>\n<span style=\"color: #888888;\"> Eintritt: 24 Euro inklusive Begr\u00fc\u00dfungsgetr\u00e4nk<\/span><br \/>\n<span style=\"color: #888888;\"> Infos &amp; Vorverkauf: Tourist-Information (Fon: 0621\/512036) sowie bekannte Vorverkaufsstellen. <\/span><a href=\"http:\/\/www.eventim.de\/tickets.html?fun=erdetail&amp;doc=erdetaila&amp;includeOnlybookable=true&amp;sort_by=event_datum&amp;erid=601458&amp;affiliate=GMD&amp;xtor=SEC-2017-GOO-[Ludwigshafener_Kriminacht]-[6431042902]-S-[%2Bludwigshafener%20%2Bkriminacht]\" target=\"_blank\"><span style=\"color: #888888;\">Oder hier online<\/span><\/a><span style=\"color: #888888;\">.<\/span><br \/>\n<span style=\"color: #333333;\"> ausverkauft <\/span><\/p>\n<p><span style=\"color: #888888;\"><em>&#8230;&#8230;&#8230;&#8230;&#8230;&#8230;&#8230;&#8230;&#8230;&#8230;&#8230;&#8230;&#8230;&#8230;&#8230;&#8230;&#8230;&#8230;&#8230;&#8230;&#8230;<\/em><\/span><\/p>\n<p><span style=\"color: #888888;\"><strong>Donnerstag, 17. November 2011: Ehrenkirchen<\/strong><strong> (Markgr\u00e4flerland)<\/strong><\/span><a href=\"mailto:frankfurt@vfll.de\" target=\"_blank\"><span style=\"color: #888888;\"><strong><br \/>\n<\/strong><\/span><\/a><span style=\"color: #888888;\">Lesung aus &#8222;Mein wirst du bleiben&#8220;.<\/span><br \/>\n<span style=\"color: #888888;\"> Ort: Aula Jengerschule, Jengerstra\u00dfe 2, 79238 Ehrenkirchen<\/span><br \/>\n<span style=\"color: #888888;\"> Veranstalter: <\/span><a href=\"http:\/\/www.bw-ehrenkirchen.de\/\" target=\"_blank\"><span style=\"color: #888888;\">\u00d6kumenisches Bildungswerk Ehrenkirchen<\/span><\/a><br \/>\n<span style=\"color: #888888;\"> Beginn: 19:30 Uhr<\/span><br \/>\n<span style=\"color: #888888;\"> Eintritt: 6 Euro<\/span><\/p>\n<p><span style=\"color: #888888;\"><em>&#8230;&#8230;&#8230;&#8230;&#8230;&#8230;&#8230;&#8230;&#8230;&#8230;&#8230;&#8230;&#8230;&#8230;&#8230;&#8230;&#8230;&#8230;&#8230;&#8230;&#8230;<\/em><\/span><\/p>\n<p>&nbsp;<\/p>\n<p><span style=\"color: #888888;\"><strong>Donnerstag, 3. November 2011: Kaiserslautern<br \/>\n<\/strong>Lesung aus &#8222;Mein wirst du bleiben&#8220;<strong><br \/>\n<\/strong>Veranstalter: Business and Professional Women (BPW)<\/span><br \/>\n<span style=\"color: #888888;\"> Ort: <\/span><a href=\"http:\/\/www.aussenschwarz-innenbunt.de\" target=\"_blank\"><span style=\"color: #888888;\">Bestattungsinstitut de Schutter<\/span><\/a><span style=\"color: #888888;\">, Otto-Hahn-Str. 6, 67661 Kaiserslautern<\/span><br \/>\n<span style=\"color: #888888;\"> Beginn: 20 Uhr, Einlass 19 Uhr<\/span><br \/>\n<span style=\"color: #888888;\"> Mit Sektempfang <\/span><\/p>\n<p><span style=\"color: #888888;\"><em>&#8230;&#8230;&#8230;&#8230;&#8230;&#8230;&#8230;&#8230;&#8230;&#8230;&#8230;&#8230;&#8230;&#8230;&#8230;&#8230;&#8230;&#8230;&#8230;&#8230;&#8230;<\/em><\/span><\/p>\n<p><span style=\"color: #888888;\"><strong>Freitag, 28. Oktober 2011: Krimi-Schifflesung Attersee (Ober\u00f6sterreich)<br \/>\n<\/strong>Schifflesung im Rahmen des Krimi-Literatur-Festivals <\/span><a href=\"http:\/\/www.moerderischer-attersee.at\/\" target=\"_blank\"><span style=\"color: #888888;\">M\u00f6rderischer Attersee<\/span><\/a><span style=\"color: #888888;\">, gemeinsam mit Elisabeth Herrmann.<\/span><br \/>\n<span style=\"color: #888888;\"> Ort: MS &#8222;V\u00f6cklabruck&#8220; (Flaggschiff der <\/span><a href=\"http:\/\/www.atterseeschifffahrt.at\/\" target=\"_blank\"><span style=\"color: #888888;\">Atterseeflotte<\/span><\/a><span style=\"color: #888888;\">, ausgestattet im Stil von Gustav Klimt), A-4861 Kammer\/Sch\u00f6rfling am Attersee (bei der Bahnhofstra\u00dfe).<\/span><br \/>\n<span style=\"color: #888888;\"> Abfahrt und Ankunft: Schiffsanlegestelle Kammern.<\/span><br \/>\n<span style=\"color: #888888;\"> Zeit: 19:00\u201321:00 Uhr<strong><br \/>\n<\/strong>Eintritt: VVK 18, AK 20 Euro<strong><br \/>\n<\/strong>Reservierung &amp; Info: <\/span><a href=\"mailto:office@krimi-literatur-festival.at\" target=\"_blank\"><span style=\"color: #888888;\">office@krimi-literatur-festival.at<\/span><\/a><\/p>\n<p><span style=\"color: #888888;\"><em>&#8230;&#8230;&#8230;&#8230;&#8230;&#8230;&#8230;&#8230;&#8230;&#8230;&#8230;&#8230;&#8230;&#8230;&#8230;&#8230;&#8230;&#8230;&#8230;&#8230;&#8230;<\/em><\/span><\/p>\n<p><span style=\"color: #888888;\"><strong><strong>Donnerstag, 20. Oktober 2011:<\/strong><\/strong><strong><strong> Krimifestival Gie\u00dfen<\/strong><\/strong><strong><br \/>\n<\/strong>Lesung aus &#8222;Mein wirst du bleiben&#8220; auf dem <\/span><a href=\"http:\/\/krimifestival.de\/\" target=\"_blank\"><span style=\"color: #888888;\">Krimifestival Gie\u00dfen<\/span><\/a><span style=\"color: #888888;\">.<\/span><br \/>\n<span style=\"color: #888888;\"> Ort: <\/span><a href=\"http:\/\/www.giessen.de\/stadtbibliothek\" target=\"_blank\"><span style=\"color: #888888;\">Stadtbibliothek Gie\u00dfen<\/span><\/a><span style=\"color: #888888;\">, Berliner Platz 1, 35390 Gie\u00dfen, T. 06 41\/306 24 86<\/span><br \/>\n<span style=\"color: #888888;\"> Beginn: 20 Uhr<\/span><br \/>\n<span style=\"color: #888888;\"> ausverkauft<\/span><\/p>\n<p><span style=\"color: #888888;\"><em>&#8230;&#8230;&#8230;&#8230;&#8230;&#8230;&#8230;&#8230;&#8230;&#8230;&#8230;&#8230;&#8230;&#8230;&#8230;&#8230;&#8230;&#8230;&#8230;&#8230;&#8230;<\/em><\/span><\/p>\n<p><span style=\"color: #888888;\"><strong><strong>Mittwoch, 19. Oktober 2011:<\/strong><\/strong><strong><strong> Waldbronn<\/strong><\/strong><strong><br \/>\n<\/strong>&#8222;MORD PLUS&#8220; \u2013 ein Abend zum Lauschen, Schauen, Schaudern.<\/span><br \/>\n<span style=\"color: #888888;\"> Spannende Mischung aus Lesung (Roman &#8222;Mein wirst du bleiben&#8220;), pers\u00f6nlichem Blick hinter die Kulissen des Schreibens, Bildern und Musik. Gemeinsam mit dem Schauspieler Gerd Ke\u00dfler.<\/span><br \/>\n<span style=\"color: #888888;\"> Ort: Kurhaus, ehemaliges Restaurant, Etzenroter Str. 2, 76337 Waldbronn<\/span><br \/>\n<span style=\"color: #888888;\"> Veranstalter: <\/span><a href=\"http:\/\/www.literadur.de\/nc\/veranstaltungen\/vorschau\/im-detail\/cal\/event\/\/view-list|page_id-30\/tx_cal_phpicalendar\/\/petra_busch_mein_wirst_du_bleiben.html?tx_cal_controller[year]=2011&amp;tx_cal_controller[month]=10&amp;tx_cal_controller[day]=19&amp;cHash=572f047b84e7be422fad20449f9906bc\" target=\"_blank\"><span style=\"color: #888888;\">Buch &amp; Noten &#8222;LiteraDur&#8220;<\/span><\/a><span style=\"color: #888888;\">, Marktplatz 11, 76337 Waldbronn<\/span><br \/>\n<span style=\"color: #888888;\"> Beginn: 20 Uhr<\/span><br \/>\n<span style=\"color: #888888;\"> Eintritt: 10 Euro inklusive Begr\u00fc\u00dfungssekt und Fingerfood-Buffet<\/span><br \/>\n<span style=\"color: #888888;\"> Reservierung: 0 72 43\/52 63 93<\/span><\/p>\n<p><span style=\"color: #888888;\"><em>&#8230;&#8230;&#8230;&#8230;&#8230;&#8230;&#8230;&#8230;&#8230;&#8230;&#8230;&#8230;&#8230;&#8230;&#8230;&#8230;&#8230;&#8230;&#8230;&#8230;&#8230;<\/em><\/span><\/p>\n<p><span style=\"color: #888888;\"><strong>Samstag, 15. Oktober 2011: Frankfurt (Buchmesse)<\/strong><strong><strong><br \/>\n<\/strong><\/strong>Moderiertes Pressegespr\u00e4ch zu den B\u00fcchern, Preisen und Event-Lesungen der Autorin. Anschlie\u00dfend Zeit f\u00fcr Fragen und Einzelgespr\u00e4che mit Buchh\u00e4ndlern und Lesern.<\/span><br \/>\n<span style=\"color: #888888;\"> Ort: <\/span><a href=\"http:\/\/www.buchmesse.de\/de\/fbm\/\" target=\"_blank\"><span style=\"color: #888888;\">Frankfurter Buchmesse<\/span><\/a><span style=\"color: #888888;\">, Droemer Knaur Stand (Halle 3.1, E 143), Messegel\u00e4nde, Ludwig-Erhard-Anlage 1, 60327 Frankfurt\/Main<\/span><br \/>\n<span style=\"color: #888888;\"> Zeit: 12:00\u201312:30 Uhr <\/span><\/p>\n<p><span style=\"color: #888888;\"><em>&#8230;&#8230;&#8230;&#8230;&#8230;&#8230;&#8230;&#8230;&#8230;&#8230;&#8230;&#8230;&#8230;&#8230;&#8230;&#8230;&#8230;&#8230;&#8230;&#8230;&#8230;<\/em><\/span><\/p>\n<p><span style=\"color: #888888;\"><strong>Mittwoch, 12. bis Sonntag, 16. Oktober 2011: Frankfurter Buchmesse<\/strong><strong><strong><br \/>\n<\/strong><\/strong>Infos: <\/span><a href=\"http:\/\/www.buchmesse.de\/\" target=\"_blank\"><span style=\"color: #888888;\">Frankfurter Buchmesse<\/span><\/a><span style=\"color: #888888;\"> (12.\u201316.10.2011, Samstag und Sonntag Publikumstage)<\/span><\/p>\n<p><span style=\"color: #888888;\"><em>&#8230;&#8230;&#8230;&#8230;&#8230;&#8230;&#8230;&#8230;&#8230;&#8230;&#8230;&#8230;&#8230;&#8230;&#8230;&#8230;&#8230;&#8230;&#8230;&#8230;&#8230;<\/em><\/span><\/p>\n<p><span style=\"color: #888888;\"><strong><strong>Dienstag, 11. Oktober 2011:<\/strong><\/strong><strong><strong> Freiburg<\/strong><\/strong><strong><br \/>\nBUCHPREMIERE &#8222;Mein wirst du bleiben&#8220;<\/strong><\/span><br \/>\n<span style=\"color: #888888;\"> &#8222;MORD PLUS&#8220; \u2013 ein Abend zum Lauschen, Schauen, Schaudern.<\/span><br \/>\n<span style=\"color: #888888;\"> Spannende Mischung aus Lesung (Roman &#8222;Mein wirst du bleiben&#8220;), pers\u00f6nlichem Blick hinter die Kulissen des Schreibens, Bildern und Musik. Gemeinsam mit dem Schauspieler Gerd Ke\u00dfler.<\/span><br \/>\n<span style=\"color: #888888;\"> Ort: <\/span><a href=\"http:\/\/www.thalia.de\/shop\/tha_homestartseite\/thalia-filialen\/showStadt\/?plz=&amp;stadt=Freiburg&amp;ProvID=10907021\" target=\"_blank\"><span style=\"color: #888888;\">Buchhandlung Herder\/Thalia<\/span><\/a><span style=\"color: #888888;\">, Kaiser-Joseph-Stra\u00dfe 180, 79098 Freiburg<\/span><br \/>\n<span style=\"color: #888888;\"> Beginn: 19:30 Uhr<\/span><br \/>\n<span style=\"color: #888888;\"> Reservierung: 07 61\/28 28 20<\/span><\/p>\n<p><span style=\"color: #888888;\"><em>&#8230;&#8230;&#8230;&#8230;&#8230;&#8230;&#8230;&#8230;&#8230;&#8230;&#8230;&#8230;&#8230;&#8230;&#8230;&#8230;&#8230;&#8230;&#8230;&#8230;&#8230;<\/em><\/span><\/p>\n<p><span style=\"color: #888888;\"><strong><strong>Donnerstag, 19. Mai 2011: Karlsruhe<\/strong><br \/>\n<\/strong>&#8222;MORD PLUS&#8220; \u2013 ein Abend zum Lauschen, Schauen, Schaudern.<\/span><br \/>\n<span style=\"color: #888888;\"> Spannende Mischung aus Lesung, pers\u00f6nlichem Blick hinter die Kulissen des Schreibens, Bildern, Musik und einer kleinen \u00dcberraschung. Gemeinsam mit dem Schauspieler Gerd Ke\u00dfler.<\/span><br \/>\n<span style=\"color: #888888;\"> Ort: <\/span><a href=\"http:\/\/www.maechtlingerbuch.de\/\" target=\"_blank\"><span style=\"color: #888888;\">Buchhandlung M\u00e4chtlinger<\/span><\/a><span style=\"color: #888888;\">, Pfinztalstr. 36, 76227 Karlsruhe-Durlach, Fon: 07 21\/94 36 30<\/span><br \/>\n<span style=\"color: #888888;\"> Beginn: 19:30 Uhr<\/span><br \/>\n<span style=\"color: #888888;\"> Eintritt: 10 Euro<\/span><br \/>\n<span style=\"color: #888888;\"> ausverkauft<\/span><\/p>\n<p><span style=\"color: #888888;\"><em>&#8230;&#8230;&#8230;&#8230;&#8230;&#8230;&#8230;&#8230;&#8230;&#8230;&#8230;&#8230;&#8230;&#8230;&#8230;&#8230;&#8230;&#8230;&#8230;&#8230;&#8230;<\/em><\/span><\/p>\n<p><span style=\"color: #888888;\"><strong><strong>Freitag, 6. Mai 2011: Krefeld<\/strong><br \/>\n<\/strong>(im Rahmen der <\/span><a href=\"http:\/\/www.die-criminale.de\" target=\"_blank\"><span style=\"color: #888888;\">Criminale<\/span><\/a><span style=\"color: #888888;\">)<\/span><br \/>\n<span style=\"color: #888888;\"> Lesung aus der Anthologie &#8222;Scharf geschossen&#8220;; gemeinsam mit Brigitte Glaser.<\/span><br \/>\n<span style=\"color: #888888;\"> Ort: <\/span><a href=\"http:\/\/www.suedbahnhof-krefeld.de\" target=\"_blank\"><span style=\"color: #888888;\">Werkhaus &#8222;S\u00fcdbahnhof&#8220;<\/span><\/a><span style=\"color: #888888;\">, Saumstra\u00dfe 9, 47805 Krefeld, Fon: 0 21 51\/530 18 12<\/span><br \/>\n<span style=\"color: #888888;\"> Beginn: 20 Uhr<\/span><br \/>\n<span style=\"color: #888888;\"> Eintritt: 5 Euro <\/span><\/p>\n<p><span style=\"color: #888888;\"><em>&#8230;&#8230;&#8230;&#8230;&#8230;&#8230;&#8230;&#8230;&#8230;&#8230;&#8230;&#8230;&#8230;&#8230;&#8230;&#8230;&#8230;&#8230;&#8230;&#8230;&#8230;<\/em><\/span><\/p>\n<p><span style=\"color: #888888;\"><strong><strong>Donnerstag, 5. Mai 2011: Nettetal<\/strong><br \/>\n<\/strong>(im Rahmen der <\/span><a href=\"http:\/\/www.die-criminale.de\" target=\"_blank\"><span style=\"color: #888888;\">Criminale<\/span><\/a><span style=\"color: #888888;\">)<\/span><br \/>\n<span style=\"color: #888888;\"> Lesung aus der Anthologie &#8222;Scharf geschossen&#8220;; gemeinsam mit Tatjana Kruse.<\/span><br \/>\n<span style=\"color: #888888;\"> Ort: <\/span><a href=\"http:\/\/www.haus-galgenvenn.de\/\" target=\"_blank\"><span style=\"color: #888888;\">Waldgasthaus Galgenvenn<\/span><\/a><span style=\"color: #888888;\">, Knorrstra\u00dfe 77, 41334 Nettetal-Kaldenkirchen<\/span><br \/>\n<span style=\"color: #888888;\"> Beginn: 20 Uhr<\/span><br \/>\n<span style=\"color: #888888;\"> Eintritt: 6 Euro<strong><br \/>\n<\/strong>VV: Stadtb\u00fccherei Nettetal, 0 21 53\/720 31<\/span><\/p>\n<p><span style=\"color: #888888;\"><em>&#8230;&#8230;&#8230;&#8230;&#8230;&#8230;&#8230;&#8230;&#8230;&#8230;&#8230;&#8230;&#8230;&#8230;&#8230;&#8230;&#8230;&#8230;&#8230;&#8230;&#8230;<\/em><\/span><\/p>\n<p><span style=\"color: #888888;\"><strong><strong>Freitag, 1. April 2011: W\u00f6rth<\/strong><\/strong><\/span><strong><br \/>\n<\/strong><span style=\"color: #888888;\"> &#8222;MORD PLUS&#8220; \u2013 ein Abend zum Lauschen, Schauen, Schaudern und Schmausen.<\/span><br \/>\n<span style=\"color: #888888;\"> Spannende Mischung aus Lesung, pers\u00f6nlichem Blick hinter die Kulissen des Schreibens, Bildern, Musik \u2013 und einem &#8222;roten B\u00fcffet&#8220;. Gemeinsam mit dem Schauspieler Gerd Ke\u00dfler.<\/span><br \/>\n<span style=\"color: #888888;\"> Ort: Ev. Gemeindehaus in 76744 W\u00f6rth, Ottstra\u00dfe 16 (Veranstalter: <\/span><a href=\"http:\/\/buchlaedel.de\/\" target=\"_blank\"><span style=\"color: #888888;\">&#8217;s Buchl\u00e4del<\/span><\/a><span style=\"color: #888888;\">)<\/span><br \/>\n<span style=\"color: #888888;\"> Beginn: 20 Uhr<\/span><br \/>\n<span style=\"color: #333333;\"> ausverkauft<\/span><\/p>\n<p><span style=\"color: #888888;\"><em>&#8230;&#8230;&#8230;&#8230;&#8230;&#8230;&#8230;&#8230;&#8230;&#8230;&#8230;&#8230;&#8230;&#8230;&#8230;&#8230;&#8230;&#8230;&#8230;&#8230;&#8230;<\/em><\/span><\/p>\n<p><span style=\"color: #888888;\"><strong><strong>Freitag, 25. M\u00e4rz 2011: Ehingen<\/strong><\/strong><\/span><strong><br \/>\n<\/strong><span style=\"color: #888888;\"> &#8222;MORD PLUS&#8220; \u2013 ein Abend zum Lauschen, Schauen, Schaudern.<\/span><br \/>\n<span style=\"color: #888888;\"> Spannende Mischung aus Lesung, pers\u00f6nlichem Blick hinter die Kulissen des Schreibens, Bildern, Musik und einer kleinen \u00dcberraschung. Gemeinsam mit dem Schauspieler Gerd Ke\u00dfler.<\/span><br \/>\n<span style=\"color: #888888;\"> Ort: <\/span><a href=\"www.ehinger-buchladen.de\" target=\"_blank\"><span style=\"color: #888888;\">Ehinger Buchladen<\/span><\/a><span style=\"color: #888888;\">, Hauptstr. 46, 89584 Ehingen<\/span><br \/>\n<span style=\"color: #888888;\"> Beginn: 20 Uhr<\/span><\/p>\n<p><span style=\"color: #888888;\"><em>&#8230;&#8230;&#8230;&#8230;&#8230;&#8230;&#8230;&#8230;&#8230;&#8230;&#8230;&#8230;&#8230;&#8230;&#8230;&#8230;&#8230;&#8230;&#8230;&#8230;&#8230;<\/em><\/span><\/p>\n<p><span style=\"color: #888888;\"><strong><strong>Donnerstag, 24. M\u00e4rz 2011: Ochsenhausen<\/strong><\/strong><\/span><strong><br \/>\n<\/strong><span style=\"color: #888888;\"> &#8222;MORD PLUS&#8220; \u2013 ein Abend zum Lauschen, Schauen, Schaudern.<\/span><br \/>\n<span style=\"color: #888888;\"> Spannende Mischung aus Lesung, pers\u00f6nlichem Blick hinter die Kulissen des Schreibens, Bildern, Musik und einer kleinen \u00dcberraschung. Gemeinsam mit dem Schauspieler Gerd Ke\u00dfler.<\/span><br \/>\n<span style=\"color: #888888;\"> Ort: Lesbar G\u00f6tz &amp; Grieser, Schlo\u00dfstr. 8\/2, 88416 Ochsenhausen<\/span><br \/>\n<span style=\"color: #888888;\">Beginn: 19:30 Uhr<\/span><\/p>\n<p><span style=\"color: #888888;\"> <em>&#8230;&#8230;&#8230;&#8230;&#8230;&#8230;&#8230;&#8230;&#8230;&#8230;&#8230;&#8230;&#8230;&#8230;&#8230;&#8230;&#8230;&#8230;&#8230;&#8230;&#8230;<\/em><\/span><\/p>\n<p><span style=\"color: #888888;\"><strong><strong>Sonntag, 20. M\u00e4rz 2011: Leipzig<\/strong><\/strong><\/span><strong><br \/>\n<\/strong><span style=\"color: #888888;\"> (im Rahmen der Buchmesse <\/span><a href=\"http:\/\/www.leipzig-liest.de\/index.php?page=124&amp;params[2][1]=YTo0OntzOjg6InBsYWNlX2lkIjtzOjM6IjIxMyI7czo5OiJsYXN0X3ZpZXciO2E6Mjp7czoxMjoic2hvd0Z1bmN0aW9uIjtzOjE3OiJzaG93U2VhcmNoUmVzdWx0cyI7czo2OiJwYXJhbXMiO2E6MTQ6e3M6MTU6ImV2ZW50X3Nlcmllc19pZCI7czoxOiIwIjtzOjExOiJzZWFyY2hfdHlwZSI7czoxNzoic2hvd1NlYXJjaEZvcm1BbGwiO3M6Nzoia2V5d29yZCI7czo1OiJCdXNjaCI7czo5OiJzZWFyY2hfaW4iO3M6MDoiIjtzOjEwOiJ0aW1lX3N0YXJ0IjthOjU6e3M6MTQ6IjIwMTEwMzE2MDAwMDAwIjtzOjA6IiI7czoxNDoiMjAxMTAzMTcwMDAwMDAiO3M6MDoiIjtzOjE0OiIyMDExMDMxODAwMDAwMCI7czowOiIiO3M6MTQ6IjIwMTEwMzE5MDAwMDAwIjtzOjA6IiI7czoxNDoiMjAxMTAzMjAwMDAwMDAiO3M6MDoiIjt9czo4OiJ0aW1lX2VuZCI7YTo1OntzOjE0OiIyMDExMDMxNjAwMDAwMCI7czowOiIiO3M6MTQ6IjIwMTEwMzE3MDAwMDAwIjtzOjA6IiI7czoxNDoiMjAxMTAzMTgwMDAwMDAiO3M6MDoiIjtzOjE0OiIyMDExMDMxOTAwMDAwMCI7czowOiIiO3M6MTQ6IjIwMTEwMzIwMDAwMDAwIjtzOjA6IiI7fXM6MTE6ImV2ZW50X2dlbnJlIjtzOjA6IiI7czoxMjoiZXZlbnRfc2VyaWVzIjtzOjA6IiI7czo1OiJwbGFjZSI7czowOiIiO3M6MTA6ImV2ZW50X3R5cGUiO3M6MDoiIjtzOjc6ImNvbW1hbmQiO3M6MTc6InNob3dTZWFyY2hSZXN1bHRzIjtzOjExOiJldmVudHNfc2l6ZSI7aToxMDtzOjExOiJldmVudHNfcGFnZSI7aToyO3M6NzoicGFnZV9pZCI7czozOiI1MjEiO319czoxMToiYm9va2ZhaXJfaWQiO3M6NToiNDcxMjkiO3M6NzoiY29tbWFuZCI7czoxMDoic2hvd0RldGFpbCI7fQ==\" target=\"_blank\"><span style=\"color: #888888;\">&#8222;Leipzig liest&#8220;<\/span><\/a><span style=\"color: #888888;\">)<\/span><br \/>\n<span style=\"color: #888888;\"> Lesung aus der Anthologie &#8222;M\u00f6rdchen f\u00fcrs \u00d6rtchen&#8220; auf der Leipziger Buchmesse<\/span><br \/>\n<span style=\"color: #888888;\"> Ort: Messe Leipzig, Forum Halle 4, Stand E 101<\/span><br \/>\n<span style=\"color: #888888;\"> Beginn: 11 Uhr<\/span><\/p>\n<p><span style=\"color: #888888;\"><em>&#8230;&#8230;&#8230;&#8230;&#8230;&#8230;&#8230;&#8230;&#8230;&#8230;&#8230;&#8230;&#8230;&#8230;&#8230;&#8230;&#8230;&#8230;&#8230;&#8230;&#8230;<\/em><\/span><\/p>\n<p><span style=\"color: #888888;\"><strong><strong>Samstag, 19. M\u00e4rz 2011: Leipzig<\/strong><\/strong><\/span><strong><br \/>\n<\/strong><span style=\"color: #888888;\"> (Kriminacht \u201eLeseflut\u201c im Rahmen der Buchmesse <\/span><a href=\"http:\/\/www.leipzig-liest.de\/index.php?page=124&amp;params[2][1]=YTozOntzOjExOiJib29rZmFpcl9pZCI7czo1OiI1MTEwMyI7czo3OiJjb21tYW5kIjtzOjEwOiJzaG93RGV0YWlsIjtzOjk6Imxhc3RfdmlldyI7YToyOntzOjEyOiJzaG93RnVuY3Rpb24iO3M6MTc6InNob3dTZWFyY2hSZXN1bHRzIjtzOjY6InBhcmFtcyI7YToxNDp7czoxNToiZXZlbnRfc2VyaWVzX2lkIjtzOjE6IjAiO3M6MTE6InNlYXJjaF90eXBlIjtzOjE3OiJzaG93U2VhcmNoRm9ybUFsbCI7czo3OiJrZXl3b3JkIjtzOjU6IkJ1c2NoIjtzOjk6InNlYXJjaF9pbiI7czowOiIiO3M6MTA6InRpbWVfc3RhcnQiO2E6NTp7czoxNDoiMjAxMTAzMTYwMDAwMDAiO3M6MDoiIjtzOjE0OiIyMDExMDMxNzAwMDAwMCI7czowOiIiO3M6MTQ6IjIwMTEwMzE4MDAwMDAwIjtzOjA6IiI7czoxNDoiMjAxMTAzMTkwMDAwMDAiO3M6MDoiIjtzOjE0OiIyMDExMDMyMDAwMDAwMCI7czowOiIiO31zOjg6InRpbWVfZW5kIjthOjU6e3M6MTQ6IjIwMTEwMzE2MDAwMDAwIjtzOjA6IiI7czoxNDoiMjAxMTAzMTcwMDAwMDAiO3M6MDoiIjtzOjE0OiIyMDExMDMxODAwMDAwMCI7czowOiIiO3M6MTQ6IjIwMTEwMzE5MDAwMDAwIjtzOjA6IiI7czoxNDoiMjAxMTAzMjAwMDAwMDAiO3M6MDoiIjt9czoxMToiZXZlbnRfZ2VucmUiO3M6MDoiIjtzOjEyOiJldmVudF9zZXJpZXMiO3M6MDoiIjtzOjU6InBsYWNlIjtzOjA6IiI7czoxMDoiZXZlbnRfdHlwZSI7czowOiIiO3M6NzoiY29tbWFuZCI7czoxNzoic2hvd1NlYXJjaFJlc3VsdHMiO3M6MTE6ImV2ZW50c19zaXplIjtpOjEwO3M6MTE6ImV2ZW50c19wYWdlIjtpOjI7czo3OiJwYWdlX2lkIjtzOjM6IjUyMSI7fX19\" target=\"_blank\"><span style=\"color: #888888;\">&#8222;Leipzig liest&#8220;<\/span><\/a><span style=\"color: #888888;\">)<\/span><br \/>\n<span style=\"color: #888888;\"> Petra Busch liest mit Amelie Kirsch (alias Momo Evers) und Peter Godazgar aus der Anthologie &#8222;M\u00f6rdchen f\u00fcrs \u00d6rtchen&#8220;.<\/span><br \/>\n<span style=\"color: #888888;\"> Ort: Stadtbad, Eutritzscher Stra\u00dfe 21, 04105 Leipzig, 0341\/9692919<\/span><br \/>\n<span style=\"color: #888888;\"> Beginn: 19:30 Uhr<\/span><br \/>\n<span style=\"color: #888888;\"> (au\u00dferdem lesen aus anderen Werken: Michaela Hammesfahr, Jochen Rausch, Petra Hammesfahr, Ralf Kramp, Ken Bruen)<\/span><\/p>\n<p><span style=\"color: #888888;\"><em>&#8230;&#8230;&#8230;&#8230;&#8230;&#8230;&#8230;&#8230;&#8230;&#8230;&#8230;&#8230;&#8230;&#8230;&#8230;&#8230;&#8230;&#8230;&#8230;&#8230;&#8230;<\/em><\/span><\/p>\n<p><span style=\"color: #888888;\"><strong><strong>Freitag, 18. M\u00e4rz\u00a0 2011: Leipzig<\/strong><\/strong><\/span><strong><br \/>\n<\/strong><span style=\"color: #888888;\"> (im Rahmen der Buchmesse <\/span><a href=\"http:\/\/www.leipzig-liest.de\/index.php?page=124&amp;params[2][1]=YTo0OntzOjg6InBsYWNlX2lkIjtzOjM6IjEwMyI7czo5OiJsYXN0X3ZpZXciO2E6Mjp7czoxMjoic2hvd0Z1bmN0aW9uIjtzOjE3OiJzaG93U2VhcmNoUmVzdWx0cyI7czo2OiJwYXJhbXMiO2E6MTI6e3M6MTU6ImV2ZW50X3Nlcmllc19pZCI7czoxOiIwIjtzOjExOiJzZWFyY2hfdHlwZSI7czoxNzoic2hvd1NlYXJjaEZvcm1BbGwiO3M6Nzoia2V5d29yZCI7czo1OiJCdXNjaCI7czo5OiJzZWFyY2hfaW4iO3M6MDoiIjtzOjEwOiJ0aW1lX3N0YXJ0IjthOjU6e3M6MTQ6IjIwMTEwMzE2MDAwMDAwIjtzOjA6IiI7czoxNDoiMjAxMTAzMTcwMDAwMDAiO3M6MDoiIjtzOjE0OiIyMDExMDMxODAwMDAwMCI7czowOiIiO3M6MTQ6IjIwMTEwMzE5MDAwMDAwIjtzOjA6IiI7czoxNDoiMjAxMTAzMjAwMDAwMDAiO3M6MDoiIjt9czo4OiJ0aW1lX2VuZCI7YTo1OntzOjE0OiIyMDExMDMxNjAwMDAwMCI7czowOiIiO3M6MTQ6IjIwMTEwMzE3MDAwMDAwIjtzOjA6IiI7czoxNDoiMjAxMTAzMTgwMDAwMDAiO3M6MDoiIjtzOjE0OiIyMDExMDMxOTAwMDAwMCI7czowOiIiO3M6MTQ6IjIwMTEwMzIwMDAwMDAwIjtzOjA6IiI7fXM6MTE6ImV2ZW50X2dlbnJlIjtzOjA6IiI7czoxMjoiZXZlbnRfc2VyaWVzIjtzOjA6IiI7czo1OiJwbGFjZSI7czowOiIiO3M6MTA6ImV2ZW50X3R5cGUiO3M6MDoiIjtzOjc6ImNvbW1hbmQiO3M6MTc6InNob3dTZWFyY2hSZXN1bHRzIjtzOjc6InBhZ2VfaWQiO3M6MzoiNTIxIjt9fXM6MTE6ImJvb2tmYWlyX2lkIjtzOjU6IjUyMjY5IjtzOjc6ImNvbW1hbmQiO3M6MTA6InNob3dEZXRhaWwiO30=\" target=\"_blank\"><span style=\"color: #888888;\">&#8222;Leipzig liest&#8220;<\/span><\/a><span style=\"color: #888888;\"> )<\/span><br \/>\n<span style=\"color: #888888;\"> Lesung aus der Anthologie &#8222;M\u00f6rdchen f\u00fcrs \u00d6rtchen&#8220; und dem Roman \u201eSchweig still, mein Kind\u201c<\/span><br \/>\n<span style=\"color: #888888;\"> Ort: Kulturcaf\u00e9 Knicklicht, Dresdner Str. 79, 04317 Leipzig, 0341\/6993991<\/span><br \/>\n<span style=\"color: #888888;\"> Beginn: 20 Uhr<\/span><\/p>\n<p><span style=\"color: #888888;\"><em>&#8230;&#8230;&#8230;&#8230;&#8230;&#8230;&#8230;&#8230;&#8230;&#8230;&#8230;&#8230;&#8230;&#8230;&#8230;&#8230;&#8230;&#8230;&#8230;&#8230;&#8230;<\/em><\/span><\/p>\n<p><strong><span style=\"color: #999999;\">Sonntag, 28. November 2010<span style=\"color: #888888;\">:<\/span><\/span><span style=\"color: #888888;\"> Ettlingen<\/span><\/strong><br \/>\n<span style=\"color: #999999;\"> &#8222;MORD PLUS&#8220; \u2013 ein Abend zum Lauschen, Schauen, Schaudern.<\/span><br \/>\n<span style=\"color: #999999;\"> Spannende Mischung aus Lesung, pers\u00f6nlichem Blick hinter die Kulissen des Schreibens, Bilden, Musik und einer kleinen \u00dcberraschung. Gemeinsam mit dem Schauspieler Gerd Ke\u00dfler.<\/span><br \/>\n<span style=\"color: #999999;\"> Ort: Theate<span style=\"color: #888888;\">r &#8222;<\/span><a href=\"http:\/\/www.kleine-buehne-ettlingen.de\/\" target=\"_blank\"><span style=\"color: #888888;\">Kleine B\u00fchne Ettlingen<\/span><\/a><span style=\"color: #888888;\">&#8222;<\/span><\/span><br \/>\n<span style=\"color: #999999;\"> Beginn: 19 Uhr<br \/>\n<\/span><span style=\"color: #333333;\">ausverkauft<\/span><\/p>\n<p><span style=\"color: #808080;\"><em>&#8230;&#8230;&#8230;&#8230;&#8230;&#8230;&#8230;&#8230;&#8230;&#8230;&#8230;&#8230;&#8230;&#8230;&#8230;&#8230;&#8230;&#8230;&#8230;&#8230;&#8230;<\/em><\/span><\/p>\n<p><span style=\"color: #999999;\"><strong><strong>Freitag, 19. November <span style=\"color: #888888;\">2010:<\/span><\/strong><\/strong><\/span><span style=\"color: #888888;\"><strong><strong> Freiburg<\/strong><\/strong><\/span><strong><br \/>\n<\/strong><span style=\"color: #999999;\"> &#8222;MORD PLUS&#8220; \u2013 ein Abend zum Lauschen, Schauen, Schaudern.<\/span><br \/>\n<span style=\"color: #999999;\"> Spannende Mischung aus Lesung, pers\u00f6nlichem Blick hinter die Kulissen des Schreibens, Bilden, Musik und einer kleinen \u00dcberraschung. Gemeinsam mit dem Schauspieler Gerd Ke\u00dfler.<\/span><br \/>\n<span style=\"color: #999999;\"> Ort<span style=\"color: #888888;\">: <\/span><a href=\"http:\/\/www.thalia.de\/shop\/tha_homestartseite\/thalia-filialen\/showStadt\/?plz=&amp;stadt=Freiburg&amp;ProvID=10907021\" target=\"_blank\"><span style=\"color: #888888;\">Buchhandlung Thalia<\/span><\/a><\/span><br \/>\n<span style=\"color: #999999;\"> Beginn: 20 Uhr<\/span><\/p>\n<p><span style=\"color: #808080;\"><em>&#8230;&#8230;&#8230;&#8230;&#8230;&#8230;&#8230;&#8230;&#8230;&#8230;&#8230;&#8230;&#8230;&#8230;&#8230;&#8230;&#8230;&#8230;&#8230;&#8230;&#8230;<\/em><\/span><\/p>\n<p><span style=\"color: #999999;\"><strong><strong>Donnerstag, 18. November 2010<span style=\"color: #888888;\">:<\/span><\/strong><\/strong><\/span><strong><strong><span style=\"color: #888888;\"> Reutlingen<\/span><\/strong><br \/>\n<\/strong><span style=\"color: #999999;\"> &#8222;MORD PLUS&#8220; \u2013 ein Abend zum Lauschen, Schauen, Schaudern.<\/span><br \/>\n<span style=\"color: #999999;\"> Spannende Mischung aus Lesung, pers\u00f6nlichem Blick hinter die Kulissen des Schreibens, Bilden, Musik und einer kleinen \u00dcberraschung. Gemeinsam mit dem Schauspieler Gerd Ke\u00dfler.<\/span><br \/>\n<span style=\"color: #999999;\"> O<span style=\"color: #888888;\">rt: <\/span><a href=\"http:\/\/www.thalia.de\/shop\/tha_homestartseite\/thalia-filialen\/showStadt\/?plz=&amp;stadt=Reutlingen&amp;ProvID=10907021\" target=\"_blank\"><span style=\"color: #888888;\">Buchhandlung Thalia<\/span><\/a><\/span><br \/>\n<span style=\"color: #999999;\"> Beginn: 20:15 Uhr<\/span><\/p>\n<p><span style=\"color: #808080;\"><em>&#8230;&#8230;&#8230;&#8230;&#8230;&#8230;&#8230;&#8230;&#8230;&#8230;&#8230;&#8230;&#8230;&#8230;&#8230;&#8230;&#8230;&#8230;&#8230;&#8230;&#8230;<\/em><\/span><\/p>\n<p><span style=\"color: #999999;\"><strong><strong>Donnerstag, 11. November 2010<\/strong><span style=\"color: #888888;\">:<\/span><\/strong><\/span><span style=\"color: #888888;\"><strong> Gaggenau<\/strong><\/span><strong><br \/>\n<\/strong><span style=\"color: #999999;\"> &#8222;MORD PLUS&#8220; \u2013 ein Abend zum Lauschen, Schauen, Schaudern.<\/span><br \/>\n<span style=\"color: #999999;\"> Spannende Mischung aus Lesung, pers\u00f6nlichem Blick hinter die Kulissen des Schreibens, Bilden, Musik und einer kleinen \u00dcberraschung. Gemeinsam mit dem Schauspieler Gerd Ke\u00dfler.<\/span><br \/>\n<span style=\"color: #999999;\"> Ort<span style=\"color: #888888;\">: <\/span><a href=\"http:\/\/215160.umbreitwebshop.de\/\" target=\"_blank\"><span style=\"color: #888888;\">Buchhandlung B\u00fccherwurm<\/span><\/a><\/span><br \/>\n<span style=\"color: #999999;\"> Beginn: 19 Uhr<br \/>\n<\/span><span style=\"color: #333333;\">ausverkauft<\/span><\/p>\n<p><span style=\"color: #808080;\"><em>&#8230;&#8230;&#8230;&#8230;&#8230;&#8230;&#8230;&#8230;&#8230;&#8230;&#8230;&#8230;&#8230;&#8230;&#8230;&#8230;&#8230;&#8230;&#8230;&#8230;&#8230;<\/em><\/span><\/p>\n<p><span style=\"color: #999999;\"><strong><strong>Freitag, 5. November 2010<span style=\"color: #888888;\">:<\/span><\/strong><\/strong><\/span><strong><strong><span style=\"color: #888888;\"> M\u00fcllheim (Baden)<\/span><\/strong><br \/>\n<\/strong><span style=\"color: #999999;\"> Krimidinner und &#8222;MORD PLUS&#8220; \u2013 ein Abend zum Lauschen, Schauen, Schaudern und Schmausen.<\/span><br \/>\n<span style=\"color: #999999;\"> Spannende Mischung aus Lesung, pers\u00f6nlichem Blick hinter die Kulissen des Schreibens, Bilden, Musik und einer kleinen \u00dcberraschung. Gemeinsam mit dem Schauspieler Gerd Ke\u00dfler. Eingebettet in ein Gourmet-Men\u00fc.<\/span><br \/>\n<span style=\"color: #999999;\"> O<span style=\"color: #888888;\">rt: <\/span><a href=\"http:\/\/www.alte-post.net\/\" target=\"_blank\"><span style=\"color: #888888;\">Landhotel Alte Post<\/span><\/a><span style=\"color: #888888;\"> (in Zusammenabeit mit der <\/span><a href=\"http:\/\/www.beidek.de\/\" target=\"_blank\"><span style=\"color: #888888;\">Buchandlung Beidek<\/span><\/a><span style=\"color: #888888;\">)<\/span><\/span><br \/>\n<span style=\"color: #999999;\"> Beginn: 19 Uhr<br \/>\n<span style=\"color: #333333;\">ausverkauft<\/span><\/span><\/p>\n<p><span style=\"color: #808080;\"><em>&#8230;&#8230;&#8230;&#8230;&#8230;&#8230;&#8230;&#8230;&#8230;&#8230;&#8230;&#8230;&#8230;&#8230;&#8230;&#8230;&#8230;&#8230;&#8230;&#8230;&#8230;<\/em><\/span><\/p>\n<p><span style=\"color: #999999;\"><strong><strong>Donnerstag, 4. November 2010<span style=\"color: #888888;\">:<\/span><\/strong><\/strong><\/span><span style=\"color: #888888;\"><strong><strong> Stuttgart<\/strong><\/strong><\/span><strong><br \/>\n<\/strong><span style=\"color: #999999;\"> BUCHPREMIERE &#8222;SCHWEIG STILL, MEIN KIND&#8220;:<\/span><br \/>\n<span style=\"color: #999999;\"> &#8222;MORD PLUS&#8220; \u2013 ein Abend zum Lauschen, Schauen, Schaudern.<\/span><br \/>\n<span style=\"color: #999999;\"> Spannende Mischung aus Lesung, pers\u00f6nlichem Blick hinter die Kulissen des Schreibens, Bilden, Musik und einer kleinen \u00dcberraschung. Gemeinsam mit dem Schauspieler Gerd Ke\u00dfler.<\/span><br \/>\n<span style=\"color: #999999;\"> O<span style=\"color: #888888;\">rt: <\/span><a href=\"http:\/\/www.under-cover.de\" target=\"_blank\"><span style=\"color: #888888;\">Buchhandlung Undercover<\/span><\/a><\/span><br \/>\n<span style=\"color: #999999;\"> Beginn: 20 Uhr<br \/>\n<span style=\"color: #333333;\">ausverkauft<\/span><\/span><\/p>\n","protected":false},"excerpt":{"rendered":"<p>Mittwoch, 11. bis\u00a0Sonntag, 15. Oktober 2017: Frankfurter Buchmesse Petra Busch ist am Mittwoch und\u00a0Donnerstag, \u00a011.+12. Oktober auf der Buchmesse. Gastland\/Ehrengast:\u00a0Frankreich Infos:\u00a0Frankfurter Buchmesse &#8230;&#8230;&#8230;&#8230;&#8230;&#8230;&#8230;&#8230;&#8230;&#8230;&#8230;&#8230;&#8230;&#8230;&#8230;&#8230;&#8230;&#8230;&#8230;&#8230;&#8230;. &nbsp; WEGEN KRANKHEIT liest statt Petra\u00a0Busch\u00a0die Autorin\u00a0Martina Bilke. Montag, 27. M\u00e4rz 2017:\u00a0Karlsruhe (Krimitage) Lesung mit musikalischer Begleitung aus dem Thriller &#8222;Das L\u00e4cheln des B\u00f6sen&#8220;. Im Rahmen der &#8222;Nachmittagsmorde&#8220; auf den neunten Karlsruher [&hellip;]<\/p>\n","protected":false},"author":1212,"featured_media":0,"parent":0,"menu_order":5,"comment_status":"closed","ping_status":"closed","template":"","meta":[],"_links":{"self":[{"href":"https:\/\/www.petra-busch.de\/pb\/index.php?rest_route=\/wp\/v2\/pages\/79"}],"collection":[{"href":"https:\/\/www.petra-busch.de\/pb\/index.php?rest_route=\/wp\/v2\/pages"}],"about":[{"href":"https:\/\/www.petra-busch.de\/pb\/index.php?rest_route=\/wp\/v2\/types\/page"}],"author":[{"embeddable":true,"href":"https:\/\/www.petra-busch.de\/pb\/index.php?rest_route=\/wp\/v2\/users\/1212"}],"replies":[{"embeddable":true,"href":"https:\/\/www.petra-busch.de\/pb\/index.php?rest_route=%2Fwp%2Fv2%2Fcomments&post=79"}],"version-history":[{"count":472,"href":"https:\/\/www.petra-busch.de\/pb\/index.php?rest_route=\/wp\/v2\/pages\/79\/revisions"}],"predecessor-version":[{"id":2693,"href":"https:\/\/www.petra-busch.de\/pb\/index.php?rest_route=\/wp\/v2\/pages\/79\/revisions\/2693"}],"wp:attachment":[{"href":"https:\/\/www.petra-busch.de\/pb\/index.php?rest_route=%2Fwp%2Fv2%2Fmedia&parent=79"}],"curies":[{"name":"wp","href":"https:\/\/api.w.org\/{rel}","templated":true}]}}