{"id":210,"date":"2011-02-08T21:08:30","date_gmt":"2011-02-08T21:08:30","guid":{"rendered":"http:\/\/petrabusch.wordpress.com\/?page_id=210"},"modified":"2013-08-30T21:43:57","modified_gmt":"2013-08-30T19:43:57","slug":"fotos","status":"publish","type":"page","link":"http:\/\/www.petra-busch.de\/pb\/?page_id=210","title":{"rendered":"Fotos"},"content":{"rendered":"<p>Zum Vergr\u00f6\u00dfern einfach auf die Bilder klicken. Bitte nur nach R\u00fccksprache ver\u00f6ffentlichen. Kostenfreie Pressebilder stehen zum <a href=\"http:\/\/www.petra-busch.de\/pb\/?page_id=745\">Download im Pressebereich<\/a> bereit.<\/p>\n<p>&nbsp;<\/p>\n<p><strong>LESUNGEN und Gespr\u00e4che:<\/strong><\/p>\n<p><strong><br \/>\n<\/strong><\/p>\n<p><a href=\"http:\/\/www.petra-busch.de\/pb\/wp-content\/uploads\/2011\/02\/JoeBausch-und-Petra.jpg\"><img decoding=\"async\" loading=\"lazy\" class=\"alignleft size-medium wp-image-1585\" title=\"Joe Bausch und Petra Busch - Buchmesse Leipzig 2012\" alt=\"\" src=\"http:\/\/www.petra-busch.de\/pb\/wp-content\/uploads\/2011\/02\/JoeBausch-und-Petra-300x204.jpg\" width=\"300\" height=\"204\" srcset=\"http:\/\/www.petra-busch.de\/pb\/wp-content\/uploads\/2011\/02\/JoeBausch-und-Petra-300x204.jpg 300w, http:\/\/www.petra-busch.de\/pb\/wp-content\/uploads\/2011\/02\/JoeBausch-und-Petra-1024x699.jpg 1024w, http:\/\/www.petra-busch.de\/pb\/wp-content\/uploads\/2011\/02\/JoeBausch-und-Petra.jpg 1546w\" sizes=\"(max-width: 300px) 100vw, 300px\" \/><\/a><\/p>\n<p>&nbsp;<\/p>\n<p>&nbsp;<\/p>\n<p>Buchmesse Leipzig,<br \/>\nM\u00e4rz 2012:<br \/>\nJoe Bausch, ich und die Frage,\u00a0ob jeder Mensch einen Mord begehen k\u00f6nnte.<\/p>\n<p><a href=\"http:\/\/www.petra-busch.de\/pb\/wp-content\/uploads\/2011\/02\/DSC_6316.jpg\"><img decoding=\"async\" loading=\"lazy\" class=\"alignleft size-medium wp-image-1586\" title=\"Stuttgarter Kriminacht, November 2011\" alt=\"\" src=\"http:\/\/www.petra-busch.de\/pb\/wp-content\/uploads\/2011\/02\/DSC_6316-300x200.jpg\" width=\"300\" height=\"200\" srcset=\"http:\/\/www.petra-busch.de\/pb\/wp-content\/uploads\/2011\/02\/DSC_6316-300x200.jpg 300w, http:\/\/www.petra-busch.de\/pb\/wp-content\/uploads\/2011\/02\/DSC_6316-1024x682.jpg 1024w\" sizes=\"(max-width: 300px) 100vw, 300px\" \/><\/a><\/p>\n<p>&nbsp;<\/p>\n<p>&nbsp;<\/p>\n<p>Stuttgarter Kriminacht, November 2011.<br \/>\nMit Andreas F\u00f6hr, Petra Busch, Jochen Senf,\u00a0Sybille Baecker, Ralf H. Dorweiler (v. l.)<\/p>\n<p><a href=\"http:\/\/www.petra-busch.de\/pb\/wp-content\/uploads\/2011\/02\/Buchmesse-Frankfurt-2011-Interview-am-Stand.jpg\"><img decoding=\"async\" loading=\"lazy\" class=\"alignleft size-medium wp-image-1607\" title=\"Buchmesse Frankfurt 2011 - Pressegespr\u00e4ch am Droemer Stand\" alt=\"\" src=\"http:\/\/www.petra-busch.de\/pb\/wp-content\/uploads\/2011\/02\/Buchmesse-Frankfurt-2011-Interview-am-Stand-300x200.jpg\" width=\"300\" height=\"200\" srcset=\"http:\/\/www.petra-busch.de\/pb\/wp-content\/uploads\/2011\/02\/Buchmesse-Frankfurt-2011-Interview-am-Stand-300x200.jpg 300w, http:\/\/www.petra-busch.de\/pb\/wp-content\/uploads\/2011\/02\/Buchmesse-Frankfurt-2011-Interview-am-Stand-1024x682.jpg 1024w, http:\/\/www.petra-busch.de\/pb\/wp-content\/uploads\/2011\/02\/Buchmesse-Frankfurt-2011-Interview-am-Stand.jpg 1983w\" sizes=\"(max-width: 300px) 100vw, 300px\" \/><\/a><\/p>\n<p>&nbsp;<\/p>\n<p>&nbsp;<\/p>\n<p>&nbsp;<\/p>\n<p>Buchmesse Frankfurt,<br \/>\nOktober 2011:<br \/>\nPressegespr\u00e4ch zur Neuerscheinung<br \/>\nvon &#8222;Mein wirst du bleiben&#8220;<\/p>\n<p>&nbsp;<\/p>\n<p><a href=\"http:\/\/www.petra-busch.de\/pb\/wp-content\/uploads\/2011\/02\/Buchmesse-Leipzig-2011-Auswahl-14.jpg\"><img decoding=\"async\" loading=\"lazy\" class=\"alignleft size-medium wp-image-1591\" title=\"Buchmesse Leipzig 2011-Auswahl-14\" alt=\"\" src=\"http:\/\/www.petra-busch.de\/pb\/wp-content\/uploads\/2011\/02\/Buchmesse-Leipzig-2011-Auswahl-14-300x200.jpg\" width=\"300\" height=\"200\" srcset=\"http:\/\/www.petra-busch.de\/pb\/wp-content\/uploads\/2011\/02\/Buchmesse-Leipzig-2011-Auswahl-14-300x200.jpg 300w, http:\/\/www.petra-busch.de\/pb\/wp-content\/uploads\/2011\/02\/Buchmesse-Leipzig-2011-Auswahl-14-1024x682.jpg 1024w\" sizes=\"(max-width: 300px) 100vw, 300px\" \/><\/a><\/p>\n<p>&nbsp;<\/p>\n<p>&nbsp;<\/p>\n<p>Buchmesse Leipzig,<br \/>\nM\u00e4rz 2011:<br \/>\nDie Kolleginnen Silvija Hinzmann, Petra Busch,<br \/>\nElisabeth Herrmann und Anne Chaplet (v. l.)<\/p>\n<p>&nbsp;<\/p>\n<p><a href=\"http:\/\/www.petra-busch.de\/pb\/wp-content\/uploads\/2011\/02\/Buchmesse-Leipzig-2011-Auswahl-41.jpg\"><img decoding=\"async\" loading=\"lazy\" class=\"alignleft size-medium wp-image-1593\" title=\"Buchmesse Leipzig 2011, M\u00f6rdchen f\u00fcrs \u00d6rtchen\" alt=\"\" src=\"http:\/\/www.petra-busch.de\/pb\/wp-content\/uploads\/2011\/02\/Buchmesse-Leipzig-2011-Auswahl-41-199x300.jpg\" width=\"199\" height=\"300\" srcset=\"http:\/\/www.petra-busch.de\/pb\/wp-content\/uploads\/2011\/02\/Buchmesse-Leipzig-2011-Auswahl-41-199x300.jpg 199w, http:\/\/www.petra-busch.de\/pb\/wp-content\/uploads\/2011\/02\/Buchmesse-Leipzig-2011-Auswahl-41-680x1024.jpg 680w\" sizes=\"(max-width: 199px) 100vw, 199px\" \/><\/a><\/p>\n<p>&nbsp;<\/p>\n<p>&nbsp;<\/p>\n<p>&nbsp;<\/p>\n<p>&nbsp;<\/p>\n<p>Buchmesse Leipzig,<br \/>\nM\u00e4rz 2011:<br \/>\nBuchpremiere &#8222;M\u00f6rdchen f\u00fcrs \u00d6rtchen&#8220;.<br \/>\nMit Thrillerautor Edwin Haberfellner, Herausgeberin und Autorin Petra Busch sowie\u00a0Verleger und Autor Ralf Kramp (KBV Verlag)<\/p>\n<p><a href=\"http:\/\/www.petra-busch.de\/pb\/wp-content\/uploads\/2011\/02\/Buchmesse-Leipzig-2011-Auswahl-87.jpg\"><img decoding=\"async\" loading=\"lazy\" class=\"alignleft size-medium wp-image-1595\" title=\"Buchmesse Leipzig 2011 - Lesung M\u00f6rdchen f\u00fcrs \u00d6rtchen\" alt=\"\" src=\"http:\/\/www.petra-busch.de\/pb\/wp-content\/uploads\/2011\/02\/Buchmesse-Leipzig-2011-Auswahl-87-300x199.jpg\" width=\"300\" height=\"199\" srcset=\"http:\/\/www.petra-busch.de\/pb\/wp-content\/uploads\/2011\/02\/Buchmesse-Leipzig-2011-Auswahl-87-300x199.jpg 300w, http:\/\/www.petra-busch.de\/pb\/wp-content\/uploads\/2011\/02\/Buchmesse-Leipzig-2011-Auswahl-87-1024x680.jpg 1024w\" sizes=\"(max-width: 300px) 100vw, 300px\" \/><\/a><\/p>\n<p>&nbsp;<\/p>\n<p>&nbsp;<\/p>\n<p>&nbsp;<\/p>\n<p>&nbsp;<\/p>\n<p>Buchmesse Leipzig,<br \/>\nM\u00e4rz 2011:<br \/>\nPremierelesung aus &#8222;M\u00f6rdchen f\u00fcrs \u00d6rtchen&#8220;<\/p>\n<p>&nbsp;<\/p>\n<p><a href=\"http:\/\/www.petra-busch.de\/pb\/wp-content\/uploads\/2011\/02\/Buchmesse-Leipzig-2011-Auswahl-651.jpg\"><img decoding=\"async\" loading=\"lazy\" class=\"alignleft size-medium wp-image-1616\" title=\"Buchmesse Leipzig 2011 - Lesung Stadtbad\" alt=\"\" src=\"http:\/\/www.petra-busch.de\/pb\/wp-content\/uploads\/2011\/02\/Buchmesse-Leipzig-2011-Auswahl-651-300x199.jpg\" width=\"300\" height=\"199\" srcset=\"http:\/\/www.petra-busch.de\/pb\/wp-content\/uploads\/2011\/02\/Buchmesse-Leipzig-2011-Auswahl-651-300x199.jpg 300w, http:\/\/www.petra-busch.de\/pb\/wp-content\/uploads\/2011\/02\/Buchmesse-Leipzig-2011-Auswahl-651-1024x680.jpg 1024w\" sizes=\"(max-width: 300px) 100vw, 300px\" \/><\/a><\/p>\n<p>&nbsp;<\/p>\n<p>&nbsp;<\/p>\n<p>&nbsp;<\/p>\n<p>&nbsp;<\/p>\n<p>Buchmesse Leipzig,<br \/>\nM\u00e4rz 2011:<br \/>\nLesung im alten Stadtbad<\/p>\n<p>&nbsp;<\/p>\n<p>&nbsp;<\/p>\n<p><em>&#8230;&#8230;&#8230;&#8230;&#8230;&#8230;&#8230;&#8230;&#8230;&#8230;&#8230;&#8230;&#8230;&#8230;&#8230;&#8230;&#8230;&#8230;&#8230;&#8230;&#8230;<\/em><\/p>\n<p><strong>Lesereihe &#8222;MORD PLUS \u2013 ein Abend zum Lauschen, Schauen, Schaudern&#8220;<\/strong><\/p>\n<p>Petra Busch und der Schauspieler Gerd Ke\u00dfler gestalten eine spannende Mischung aus Lesung, pers\u00f6nlichem Blick hinter die Kulissen des Schreibens, Bildern und kleinen Leckereien.<\/p>\n<p>&nbsp;<\/p>\n<div class=\"imgwrapper\"><a href=\"http:\/\/www.petra-busch.de\/pb\/wp-content\/uploads\/2011\/02\/LesungP_Premiere_Undercover-041110-65-b.jpg\"><img decoding=\"async\" loading=\"lazy\" class=\"size-medium wp-image-939 alignright\" title=\"Petra Busch + Gerd Ke\u00dfler\" alt=\"\" src=\"http:\/\/www.petra-busch.de\/pb\/wp-content\/uploads\/2011\/02\/LesungP_Premiere_Undercover-041110-65-b-300x200.jpg\" width=\"240\" height=\"160\" srcset=\"http:\/\/www.petra-busch.de\/pb\/wp-content\/uploads\/2011\/02\/LesungP_Premiere_Undercover-041110-65-b-300x200.jpg 300w, http:\/\/www.petra-busch.de\/pb\/wp-content\/uploads\/2011\/02\/LesungP_Premiere_Undercover-041110-65-b.jpg 859w\" sizes=\"(max-width: 240px) 100vw, 240px\" \/><\/a>&#8222;Mord plus war eine gelungene, professionell gemachte Inszenierung, (\u2026) ein au\u00dfergew\u00f6hnliches Konzept einer Autorenlesung. Petra Busch versteht eben etwas davon, wie man Leute neugierig macht.\u201d<br \/>\n<em>(Badische Neueste Nachrichten, 17.11.2010)<\/em><\/div>\n<div class=\"imgwrapper\"><em><br \/>\n<\/em><\/div>\n<p><em>&#8230;&#8230;&#8230;&#8230;&#8230;&#8230;&#8230;&#8230;&#8230;&#8230;&#8230;&#8230;&#8230;&#8230;&#8230;&#8230;&#8230;&#8230;&#8230;&#8230;&#8230;<\/em><\/p>\n<p><strong>Premiere: &#8222;MORD PLUS&#8220; in Stuttgart, 4.11.2010, Buchhandlung Undercover:<\/strong><\/p>\n<p><a href=\"http:\/\/www.petra-busch.de\/pb\/wp-content\/uploads\/2011\/02\/LesungP_Premiere_Undercover-041110-22-b.jpg\"><img decoding=\"async\" loading=\"lazy\" class=\"alignleft size-medium wp-image-943\" title=\"&quot;Mord plus&quot; zur Premiere &quot;Schweig still, mein Kind&quot; im Undercover_1\" alt=\"\" src=\"http:\/\/www.petra-busch.de\/pb\/wp-content\/uploads\/2011\/02\/LesungP_Premiere_Undercover-041110-22-b-300x199.jpg\" width=\"300\" height=\"199\" srcset=\"http:\/\/www.petra-busch.de\/pb\/wp-content\/uploads\/2011\/02\/LesungP_Premiere_Undercover-041110-22-b-300x199.jpg 300w, http:\/\/www.petra-busch.de\/pb\/wp-content\/uploads\/2011\/02\/LesungP_Premiere_Undercover-041110-22-b.jpg 945w\" sizes=\"(max-width: 300px) 100vw, 300px\" \/><\/a><\/p>\n<p>&nbsp;<\/p>\n<p>&nbsp;<\/p>\n<p>&nbsp;<\/p>\n<p>&nbsp;<\/p>\n<p>&nbsp;<\/p>\n<p><a href=\"http:\/\/www.petra-busch.de\/pb\/wp-content\/uploads\/2011\/02\/LesungP_Premiere_Undercover-041110-27-b.jpg\"><img decoding=\"async\" loading=\"lazy\" class=\"size-medium wp-image-944 alignleft\" title=\"&quot;Mord plus&quot; zur Premiere &quot;Schweig still, mein Kind&quot; im Undercover_2\" alt=\"\" src=\"http:\/\/www.petra-busch.de\/pb\/wp-content\/uploads\/2011\/02\/LesungP_Premiere_Undercover-041110-27-b-300x225.jpg\" width=\"300\" height=\"225\" srcset=\"http:\/\/www.petra-busch.de\/pb\/wp-content\/uploads\/2011\/02\/LesungP_Premiere_Undercover-041110-27-b-300x225.jpg 300w, http:\/\/www.petra-busch.de\/pb\/wp-content\/uploads\/2011\/02\/LesungP_Premiere_Undercover-041110-27-b.jpg 945w\" sizes=\"(max-width: 300px) 100vw, 300px\" \/><\/a><\/p>\n<p>&nbsp;<\/p>\n<p>&nbsp;<\/p>\n<p>&nbsp;<\/p>\n<p>&nbsp;<\/p>\n<p>&nbsp;<\/p>\n<p>&nbsp;<\/p>\n<p><a href=\"http:\/\/www.petra-busch.de\/pb\/wp-content\/uploads\/2011\/02\/LesungP_Premiere_Undercover-041110-43-b.jpg\"><img decoding=\"async\" loading=\"lazy\" class=\"size-medium wp-image-950     alignleft\" title=\"&quot;Mord plus&quot; zur Premiere &quot;Schweig still, mein Kind&quot; im Undercover_3\" alt=\"\" src=\"http:\/\/www.petra-busch.de\/pb\/wp-content\/uploads\/2011\/02\/LesungP_Premiere_Undercover-041110-43-b-300x200.jpg\" width=\"300\" height=\"200\" srcset=\"http:\/\/www.petra-busch.de\/pb\/wp-content\/uploads\/2011\/02\/LesungP_Premiere_Undercover-041110-43-b-300x200.jpg 300w, http:\/\/www.petra-busch.de\/pb\/wp-content\/uploads\/2011\/02\/LesungP_Premiere_Undercover-041110-43-b.jpg 945w\" sizes=\"(max-width: 300px) 100vw, 300px\" \/><\/a><\/p>\n<p>&nbsp;<\/p>\n<p>&nbsp;<\/p>\n<p>&nbsp;<\/p>\n<p>&nbsp;<\/p>\n<p>&nbsp;<\/p>\n<div class=\"imgwrapper\"><a href=\"http:\/\/www.petra-busch.de\/pb\/wp-content\/uploads\/2011\/02\/LesungP_Premiere_Undercover-041110-78-b.jpg\"><img decoding=\"async\" loading=\"lazy\" class=\"size-medium wp-image-955 alignleft\" title=\"&quot;Mord plus&quot; zur Premiere &quot;Schweig still, mein Kind&quot; im Undercover_4\" alt=\"\" src=\"http:\/\/www.petra-busch.de\/pb\/wp-content\/uploads\/2011\/02\/LesungP_Premiere_Undercover-041110-78-b-300x200.jpg\" width=\"300\" height=\"200\" srcset=\"http:\/\/www.petra-busch.de\/pb\/wp-content\/uploads\/2011\/02\/LesungP_Premiere_Undercover-041110-78-b-300x200.jpg 300w, http:\/\/www.petra-busch.de\/pb\/wp-content\/uploads\/2011\/02\/LesungP_Premiere_Undercover-041110-78-b.jpg 945w\" sizes=\"(max-width: 300px) 100vw, 300px\" \/><\/a><\/div>\n<p>&nbsp;<\/p>\n<p>&nbsp;<\/p>\n<p>&nbsp;<\/p>\n<p>&nbsp;<\/p>\n<p>&nbsp;<\/p>\n<p>&nbsp;<\/p>\n<p>&nbsp;<\/p>\n<p style=\"text-align: left;\"><em>&#8230;&#8230;&#8230;&#8230;&#8230;&#8230;&#8230;&#8230;&#8230;&#8230;&#8230;&#8230;&#8230;&#8230;&#8230;&#8230;&#8230;&#8230;&#8230;&#8230;&#8230;<\/em><\/p>\n<p><strong>&#8222;MORD PLUS&#8220; im Rahmen eines Krimidinners, M\u00fcllheim (Baden), 5.11.2010<\/strong><em> <\/em><\/p>\n<p>Veranstalter: <a href=\"http:\/\/www.beidek.de\" target=\"_blank\">Buchhandlung Beidek<\/a>. Tatort: Gew\u00f6lbekeller im <a href=\"http:\/\/www.alte-post.net\/de\/\" target=\"_blank\">Landhotel Alte Post<\/a><em> <\/em><\/p>\n<p><em><a href=\"http:\/\/www.petra-busch.de\/pb\/wp-content\/uploads\/2011\/02\/LesungP_Muellh_Beidek+AltePost_051101-40-b.jpg\"><img decoding=\"async\" loading=\"lazy\" class=\"alignleft size-medium wp-image-966\" title=\"&quot;Mord plus&quot; mit Krimidinner M\u00fcllheim: Alte Post + Beidek_1\" alt=\"\" src=\"http:\/\/www.petra-busch.de\/pb\/wp-content\/uploads\/2011\/02\/LesungP_Muellh_Beidek+AltePost_051101-40-b-300x199.jpg\" width=\"300\" height=\"199\" srcset=\"http:\/\/www.petra-busch.de\/pb\/wp-content\/uploads\/2011\/02\/LesungP_Muellh_Beidek+AltePost_051101-40-b-300x199.jpg 300w, http:\/\/www.petra-busch.de\/pb\/wp-content\/uploads\/2011\/02\/LesungP_Muellh_Beidek+AltePost_051101-40-b.jpg 945w\" sizes=\"(max-width: 300px) 100vw, 300px\" \/><\/a><\/em><\/p>\n<p>&nbsp;<\/p>\n<p>&nbsp;<\/p>\n<p>&nbsp;<\/p>\n<p>&nbsp;<\/p>\n<p>&nbsp;<\/p>\n<p><a href=\"http:\/\/www.petra-busch.de\/pb\/wp-content\/uploads\/2011\/02\/LesungP_Muellh_Beidek+AltePost_051101-97-b.jpg\"><img decoding=\"async\" loading=\"lazy\" class=\"alignleft size-medium wp-image-969\" title=\"&quot;Mord plus&quot; mit Krimidinner M\u00fcllheim: Alte Post + Beidek_2\" alt=\"\" src=\"http:\/\/www.petra-busch.de\/pb\/wp-content\/uploads\/2011\/02\/LesungP_Muellh_Beidek+AltePost_051101-97-b-300x200.jpg\" width=\"300\" height=\"200\" srcset=\"http:\/\/www.petra-busch.de\/pb\/wp-content\/uploads\/2011\/02\/LesungP_Muellh_Beidek+AltePost_051101-97-b-300x200.jpg 300w, http:\/\/www.petra-busch.de\/pb\/wp-content\/uploads\/2011\/02\/LesungP_Muellh_Beidek+AltePost_051101-97-b.jpg 945w\" sizes=\"(max-width: 300px) 100vw, 300px\" \/><\/a><\/p>\n<p>&nbsp;<\/p>\n<p>&nbsp;<\/p>\n<p>&nbsp;<\/p>\n<p>&nbsp;<\/p>\n<p>&nbsp;<\/p>\n<p><a href=\"http:\/\/www.petra-busch.de\/pb\/wp-content\/uploads\/2011\/02\/LesungP_Muellh_Beidek+AltePost_051101-100-b.jpg\"><img decoding=\"async\" loading=\"lazy\" class=\"alignleft size-medium wp-image-970\" title=\"&quot;Mord plus&quot; mit Krimidinner M\u00fcllheim: Alte Post + Beidek_3\" alt=\"\" src=\"http:\/\/www.petra-busch.de\/pb\/wp-content\/uploads\/2011\/02\/LesungP_Muellh_Beidek+AltePost_051101-100-b-300x200.jpg\" width=\"300\" height=\"200\" srcset=\"http:\/\/www.petra-busch.de\/pb\/wp-content\/uploads\/2011\/02\/LesungP_Muellh_Beidek+AltePost_051101-100-b-300x200.jpg 300w, http:\/\/www.petra-busch.de\/pb\/wp-content\/uploads\/2011\/02\/LesungP_Muellh_Beidek+AltePost_051101-100-b.jpg 945w\" sizes=\"(max-width: 300px) 100vw, 300px\" \/><\/a><\/p>\n<p>&nbsp;<\/p>\n<p>&nbsp;<\/p>\n<p>&nbsp;<\/p>\n<p>&nbsp;<\/p>\n<p>&nbsp;<\/p>\n<p><a href=\"http:\/\/www.petra-busch.de\/pb\/wp-content\/uploads\/2011\/02\/LesungP_Muellh_Beidek+AltePost_051101-111-b.jpg\"><img decoding=\"async\" loading=\"lazy\" class=\"size-medium wp-image-971 alignleft\" title=\"&quot;Mord plus&quot; mit Krimidinner M\u00fcllheim: Alte Post + Beidek_4\" alt=\"\" src=\"http:\/\/www.petra-busch.de\/pb\/wp-content\/uploads\/2011\/02\/LesungP_Muellh_Beidek+AltePost_051101-111-b-300x200.jpg\" width=\"300\" height=\"200\" srcset=\"http:\/\/www.petra-busch.de\/pb\/wp-content\/uploads\/2011\/02\/LesungP_Muellh_Beidek+AltePost_051101-111-b-300x200.jpg 300w, http:\/\/www.petra-busch.de\/pb\/wp-content\/uploads\/2011\/02\/LesungP_Muellh_Beidek+AltePost_051101-111-b.jpg 945w\" sizes=\"(max-width: 300px) 100vw, 300px\" \/><\/a><\/p>\n<p>&nbsp;<\/p>\n<p>&nbsp;<\/p>\n<p>&nbsp;<\/p>\n<p><a href=\"http:\/\/www.petra-busch.de\/pb\/wp-content\/uploads\/2011\/02\/Petra_Pistolenkekse_1.jpg\"><img decoding=\"async\" loading=\"lazy\" class=\"alignleft size-medium wp-image-973\" title=\"Pistolenkekse\" alt=\"\" src=\"http:\/\/www.petra-busch.de\/pb\/wp-content\/uploads\/2011\/02\/Petra_Pistolenkekse_1-300x200.jpg\" width=\"300\" height=\"200\" srcset=\"http:\/\/www.petra-busch.de\/pb\/wp-content\/uploads\/2011\/02\/Petra_Pistolenkekse_1-300x200.jpg 300w, http:\/\/www.petra-busch.de\/pb\/wp-content\/uploads\/2011\/02\/Petra_Pistolenkekse_1.jpg 945w\" sizes=\"(max-width: 300px) 100vw, 300px\" \/><\/a><\/p>\n<p>&nbsp;<\/p>\n<p>&nbsp;<\/p>\n<p>&nbsp;<\/p>\n<p>&nbsp;<\/p>\n<p>&nbsp;<\/p>\n<p><em>&#8230;&#8230;&#8230;&#8230;&#8230;&#8230;&#8230;&#8230;&#8230;&#8230;&#8230;&#8230;&#8230;&#8230;&#8230;&#8230;&#8230;&#8230;&#8230;&#8230;&#8230;<\/em><\/p>\n<p><strong>&#8222;MORD PLUS&#8220; in Reutlingen &amp; Freiburg, 18.\/19.11.2010, <a href=\"http:\/\/www.thalia.de\" target=\"_blank\">Thalia<\/a>:<\/strong><\/p>\n<p><a href=\"http:\/\/www.petra-busch.de\/pb\/wp-content\/uploads\/2011\/02\/LesungP_Reutl-Thalia_181110-2.jpg\"><img decoding=\"async\" loading=\"lazy\" class=\"alignleft size-medium wp-image-990\" title=\"&quot;Mord plus&quot; in Reutlingen, Thalia_1\" alt=\"\" src=\"http:\/\/www.petra-busch.de\/pb\/wp-content\/uploads\/2011\/02\/LesungP_Reutl-Thalia_181110-2-300x199.jpg\" width=\"300\" height=\"199\" srcset=\"http:\/\/www.petra-busch.de\/pb\/wp-content\/uploads\/2011\/02\/LesungP_Reutl-Thalia_181110-2-300x199.jpg 300w, http:\/\/www.petra-busch.de\/pb\/wp-content\/uploads\/2011\/02\/LesungP_Reutl-Thalia_181110-2.jpg 945w\" sizes=\"(max-width: 300px) 100vw, 300px\" \/><\/a><\/p>\n<p>&nbsp;<\/p>\n<p>&nbsp;<\/p>\n<p>&nbsp;<\/p>\n<p>&nbsp;<\/p>\n<p>&nbsp;<\/p>\n<p><a href=\"http:\/\/www.petra-busch.de\/pb\/wp-content\/uploads\/2011\/02\/LesungP_Reutl-Thalia_181110-3.jpg\"><img decoding=\"async\" loading=\"lazy\" class=\"size-medium wp-image-991 alignleft\" title=\"&quot;Mord plus&quot; in Reutlingen, Thalia_2\" alt=\"\" src=\"http:\/\/www.petra-busch.de\/pb\/wp-content\/uploads\/2011\/02\/LesungP_Reutl-Thalia_181110-3-300x199.jpg\" width=\"300\" height=\"199\" srcset=\"http:\/\/www.petra-busch.de\/pb\/wp-content\/uploads\/2011\/02\/LesungP_Reutl-Thalia_181110-3-300x199.jpg 300w, http:\/\/www.petra-busch.de\/pb\/wp-content\/uploads\/2011\/02\/LesungP_Reutl-Thalia_181110-3.jpg 945w\" sizes=\"(max-width: 300px) 100vw, 300px\" \/><\/a><\/p>\n<p><a href=\"http:\/\/www.petra-busch.de\/pb\/wp-content\/uploads\/2011\/02\/LesungP_Freiburg-Thalia_191110-1.jpg\"><img decoding=\"async\" loading=\"lazy\" class=\"alignleft size-medium wp-image-992\" title=\"&quot;Mord plus&quot; in Freiburg, Thalia_1\" alt=\"\" src=\"http:\/\/www.petra-busch.de\/pb\/wp-content\/uploads\/2011\/02\/LesungP_Freiburg-Thalia_191110-1-300x200.jpg\" width=\"300\" height=\"200\" srcset=\"http:\/\/www.petra-busch.de\/pb\/wp-content\/uploads\/2011\/02\/LesungP_Freiburg-Thalia_191110-1-300x200.jpg 300w, http:\/\/www.petra-busch.de\/pb\/wp-content\/uploads\/2011\/02\/LesungP_Freiburg-Thalia_191110-1.jpg 945w\" sizes=\"(max-width: 300px) 100vw, 300px\" \/><\/a><\/p>\n<p>&nbsp;<\/p>\n<p>&nbsp;<\/p>\n<p>&nbsp;<\/p>\n<p>&nbsp;<\/p>\n<p>&nbsp;<\/p>\n<p><a href=\"http:\/\/www.petra-busch.de\/pb\/wp-content\/uploads\/2011\/02\/LesungP_Freiburg-Thalia_191110-2.jpg\"><img decoding=\"async\" loading=\"lazy\" class=\"alignleft size-medium wp-image-994\" title=\"&quot;Mord plus&quot; in Freiburg, Thalia_2\" alt=\"\" src=\"http:\/\/www.petra-busch.de\/pb\/wp-content\/uploads\/2011\/02\/LesungP_Freiburg-Thalia_191110-2-300x200.jpg\" width=\"300\" height=\"200\" srcset=\"http:\/\/www.petra-busch.de\/pb\/wp-content\/uploads\/2011\/02\/LesungP_Freiburg-Thalia_191110-2-300x200.jpg 300w, http:\/\/www.petra-busch.de\/pb\/wp-content\/uploads\/2011\/02\/LesungP_Freiburg-Thalia_191110-2.jpg 945w\" sizes=\"(max-width: 300px) 100vw, 300px\" \/><\/a><\/p>\n<p>&nbsp;<\/p>\n<p>&nbsp;<\/p>\n<p>&nbsp;<\/p>\n<p>&nbsp;<\/p>\n<p>&nbsp;<\/p>\n<p><a href=\"http:\/\/www.petra-busch.de\/pb\/wp-content\/uploads\/2011\/02\/LesungP_Freiburg-Thalia_191110-3.jpg\"><img decoding=\"async\" loading=\"lazy\" class=\"size-medium wp-image-995 alignleft\" title=\"Thalia Freiburg im November 2010\" alt=\"\" src=\"http:\/\/www.petra-busch.de\/pb\/wp-content\/uploads\/2011\/02\/LesungP_Freiburg-Thalia_191110-3-300x199.jpg\" width=\"300\" height=\"199\" srcset=\"http:\/\/www.petra-busch.de\/pb\/wp-content\/uploads\/2011\/02\/LesungP_Freiburg-Thalia_191110-3-300x199.jpg 300w, http:\/\/www.petra-busch.de\/pb\/wp-content\/uploads\/2011\/02\/LesungP_Freiburg-Thalia_191110-3.jpg 945w\" sizes=\"(max-width: 300px) 100vw, 300px\" \/><\/a><\/p>\n<p>&nbsp;<\/p>\n<p>&nbsp;<\/p>\n<p>&nbsp;<\/p>\n<p>&nbsp;<\/p>\n<p>&nbsp;<\/p>\n<p><em>&#8230;&#8230;&#8230;&#8230;&#8230;&#8230;&#8230;&#8230;&#8230;&#8230;&#8230;&#8230;&#8230;&#8230;&#8230;&#8230;&#8230;&#8230;&#8230;&#8230;&#8230;<\/em><\/p>\n<p><strong>&#8222;MORD PLUS&#8220; in Ettlingen, <a href=\"http:\/\/kleinebuehneettlingen.de\/kbe.html\" target=\"_blank\">Kleine B\u00fchne<\/a>, 28.11.2010<\/strong><\/p>\n<p><strong><a href=\"http:\/\/www.petra-busch.de\/pb\/wp-content\/uploads\/2011\/02\/LesungP_KBE_281110-1.jpg\"><img decoding=\"async\" loading=\"lazy\" class=\"alignleft size-medium wp-image-1012\" title=\"&quot;Mord plus&quot; in der Kleinen B\u00fchne Ettlingen_1\" alt=\"\" src=\"http:\/\/www.petra-busch.de\/pb\/wp-content\/uploads\/2011\/02\/LesungP_KBE_281110-1-300x199.jpg\" width=\"300\" height=\"199\" srcset=\"http:\/\/www.petra-busch.de\/pb\/wp-content\/uploads\/2011\/02\/LesungP_KBE_281110-1-300x199.jpg 300w, http:\/\/www.petra-busch.de\/pb\/wp-content\/uploads\/2011\/02\/LesungP_KBE_281110-1.jpg 945w\" sizes=\"(max-width: 300px) 100vw, 300px\" \/><\/a><\/strong><\/p>\n<p>&nbsp;<\/p>\n<p>&nbsp;<\/p>\n<p>&nbsp;<\/p>\n<p>&nbsp;<\/p>\n<p>&nbsp;<\/p>\n<p><strong><a href=\"http:\/\/www.petra-busch.de\/pb\/wp-content\/uploads\/2011\/02\/LesungP_KBE_281110-3.jpg\"><img decoding=\"async\" loading=\"lazy\" class=\"size-medium wp-image-1013 alignleft\" title=\"&quot;Mord plus&quot; in der Kleinen B\u00fchne Ettlingen_2\" alt=\"\" src=\"http:\/\/www.petra-busch.de\/pb\/wp-content\/uploads\/2011\/02\/LesungP_KBE_281110-3-300x200.jpg\" width=\"300\" height=\"200\" srcset=\"http:\/\/www.petra-busch.de\/pb\/wp-content\/uploads\/2011\/02\/LesungP_KBE_281110-3-300x200.jpg 300w, http:\/\/www.petra-busch.de\/pb\/wp-content\/uploads\/2011\/02\/LesungP_KBE_281110-3.jpg 945w\" sizes=\"(max-width: 300px) 100vw, 300px\" \/><\/a><br \/>\n<\/strong><\/p>\n<p>&nbsp;<\/p>\n<p>&nbsp;<\/p>\n<p>&nbsp;<\/p>\n<p>&nbsp;<\/p>\n<p>&nbsp;<\/p>\n<p><a href=\"http:\/\/www.petra-busch.de\/pb\/wp-content\/uploads\/2011\/02\/LesungP_KBE_281110-5.jpg\"><img decoding=\"async\" loading=\"lazy\" class=\"alignleft size-medium wp-image-1014\" title=\"&quot;Mord plus&quot; in der Kleinen B\u00fchne Ettlingen_3\" alt=\"\" src=\"http:\/\/www.petra-busch.de\/pb\/wp-content\/uploads\/2011\/02\/LesungP_KBE_281110-5-300x200.jpg\" width=\"300\" height=\"200\" srcset=\"http:\/\/www.petra-busch.de\/pb\/wp-content\/uploads\/2011\/02\/LesungP_KBE_281110-5-300x200.jpg 300w, http:\/\/www.petra-busch.de\/pb\/wp-content\/uploads\/2011\/02\/LesungP_KBE_281110-5.jpg 945w\" sizes=\"(max-width: 300px) 100vw, 300px\" \/><\/a><\/p>\n","protected":false},"excerpt":{"rendered":"<p>Zum Vergr\u00f6\u00dfern einfach auf die Bilder klicken. Bitte nur nach R\u00fccksprache ver\u00f6ffentlichen. Kostenfreie Pressebilder stehen zum Download im Pressebereich bereit. &nbsp; LESUNGEN und Gespr\u00e4che: &nbsp; &nbsp; Buchmesse Leipzig, M\u00e4rz 2012: Joe Bausch, ich und die Frage,\u00a0ob jeder Mensch einen Mord begehen k\u00f6nnte. &nbsp; &nbsp; Stuttgarter Kriminacht, November 2011. Mit Andreas F\u00f6hr, Petra Busch, Jochen Senf,\u00a0Sybille [&hellip;]<\/p>\n","protected":false},"author":1212,"featured_media":0,"parent":0,"menu_order":6,"comment_status":"closed","ping_status":"closed","template":"","meta":[],"_links":{"self":[{"href":"http:\/\/www.petra-busch.de\/pb\/index.php?rest_route=\/wp\/v2\/pages\/210"}],"collection":[{"href":"http:\/\/www.petra-busch.de\/pb\/index.php?rest_route=\/wp\/v2\/pages"}],"about":[{"href":"http:\/\/www.petra-busch.de\/pb\/index.php?rest_route=\/wp\/v2\/types\/page"}],"author":[{"embeddable":true,"href":"http:\/\/www.petra-busch.de\/pb\/index.php?rest_route=\/wp\/v2\/users\/1212"}],"replies":[{"embeddable":true,"href":"http:\/\/www.petra-busch.de\/pb\/index.php?rest_route=%2Fwp%2Fv2%2Fcomments&post=210"}],"version-history":[{"count":146,"href":"http:\/\/www.petra-busch.de\/pb\/index.php?rest_route=\/wp\/v2\/pages\/210\/revisions"}],"predecessor-version":[{"id":2156,"href":"http:\/\/www.petra-busch.de\/pb\/index.php?rest_route=\/wp\/v2\/pages\/210\/revisions\/2156"}],"wp:attachment":[{"href":"http:\/\/www.petra-busch.de\/pb\/index.php?rest_route=%2Fwp%2Fv2%2Fmedia&parent=210"}],"curies":[{"name":"wp","href":"https:\/\/api.w.org\/{rel}","templated":true}]}}